{"id":7766,"date":"2021-10-14T15:48:57","date_gmt":"2021-10-14T13:48:57","guid":{"rendered":"http:\/\/www.giteslacombe-perigord.com\/bonnes-adresses\/"},"modified":"2024-07-21T14:21:25","modified_gmt":"2024-07-21T12:21:25","slug":"partners-and-links","status":"publish","type":"page","link":"https:\/\/www.giteslacombe-perigord.com\/en\/partners-and-links\/","title":{"rendered":"Good addresses"},"content":{"rendered":"\n<style type=\"text\/css\" data-created_by=\"avia_inline_auto\" id=\"style-css-av-kmq7r4iq-a1d033dc7a0abc75d3fc8b906c5200e3\">\n.avia-section.av-kmq7r4iq-a1d033dc7a0abc75d3fc8b906c5200e3{\nbackground-repeat:no-repeat;\nbackground-image:url(https:\/\/www.giteslacombe-perigord.com\/wp-content\/uploads\/2021\/12\/bandeau-alentours.jpg);\nbackground-position:50% 50%;\nbackground-attachment:scroll;\n}\n<\/style>\n<div id='av_section_1'  class='avia-section av-kmq7r4iq-a1d033dc7a0abc75d3fc8b906c5200e3 main_color avia-section-no-padding avia-no-border-styling  avia-builder-el-0  el_before_av_section  avia-builder-el-first  av-small-hide av-mini-hide avia-full-stretch avia-bg-style-scroll av-minimum-height av-minimum-height-custom av-height-custom  container_wrap sidebar_right'  data-section-bg-repeat='stretch' data-av_minimum_height_px='300'><div class='container av-section-cont-open' style='height:300px'><main  role=\"main\" itemprop=\"mainContentOfPage\"  class='template-page content  av-content-small alpha units'><div class='post-entry post-entry-type-page post-entry-7766'><div class='entry-content-wrapper clearfix'>\n\n<style type=\"text\/css\" data-created_by=\"avia_inline_auto\" id=\"style-css-av-7f25dy-f3aed0b727a598d442d051d4de89acf0\">\n#top .av-special-heading.av-7f25dy-f3aed0b727a598d442d051d4de89acf0{\npadding-bottom:0;\ncolor:#ffffff;\nfont-size:38px;\n}\nbody .av-special-heading.av-7f25dy-f3aed0b727a598d442d051d4de89acf0 .av-special-heading-tag .heading-char{\nfont-size:25px;\n}\n#top #wrap_all .av-special-heading.av-7f25dy-f3aed0b727a598d442d051d4de89acf0 .av-special-heading-tag{\nfont-size:38px;\n}\n.av-special-heading.av-7f25dy-f3aed0b727a598d442d051d4de89acf0 .special-heading-inner-border{\nborder-color:#ffffff;\n}\n.av-special-heading.av-7f25dy-f3aed0b727a598d442d051d4de89acf0 .av-subheading{\nfont-size:22px;\n}\n\n@media only screen and (min-width: 480px) and (max-width: 767px){ \n#top #wrap_all .av-special-heading.av-7f25dy-f3aed0b727a598d442d051d4de89acf0 .av-special-heading-tag{\nfont-size:0.8em;\n}\n}\n\n@media only screen and (max-width: 479px){ \n#top #wrap_all .av-special-heading.av-7f25dy-f3aed0b727a598d442d051d4de89acf0 .av-special-heading-tag{\nfont-size:0.8em;\n}\n}\n<\/style>\n<div  class='av-special-heading av-7f25dy-f3aed0b727a598d442d051d4de89acf0 av-special-heading-h2 custom-color-heading blockquote modern-quote  avia-builder-el-1  el_before_av_textblock  avia-builder-el-first  av-inherit-size'><h2 class='av-special-heading-tag '  itemprop=\"headline\"  > G\u00eetes Lacombe<\/h2><div class=\"special-heading-border\"><div class=\"special-heading-inner-border\"><\/div><\/div><\/div>\n\n<style type=\"text\/css\" data-created_by=\"avia_inline_auto\" id=\"style-css-av-kmuknqzf-ebe4e9557316f973d780c730c6b846ac\">\n#top .av_textblock_section.av-kmuknqzf-ebe4e9557316f973d780c730c6b846ac .avia_textblock{\nfont-size:18px;\ncolor:#ffffff;\n}\n<\/style>\n<section  class='av_textblock_section av-kmuknqzf-ebe4e9557316f973d780c730c6b846ac '   itemscope=\"itemscope\" itemtype=\"https:\/\/schema.org\/CreativeWork\" ><div class='avia_textblock av_inherit_color'  itemprop=\"text\" ><p><em>Charming cottages for rent in Dordogne Perigord<\/em><\/p>\n<p><em>\u00a0<\/em><\/p>\n<\/div><\/section>\n\n<\/div><\/div><\/main><!-- close content main element --><\/div><\/div>\n<style type=\"text\/css\" data-created_by=\"avia_inline_auto\" id=\"style-css-av-kmq7r4iq-7535f1a619eb1d2ff6a0b76391f6fba5\">\n.avia-section.av-kmq7r4iq-7535f1a619eb1d2ff6a0b76391f6fba5{\nbackground-repeat:no-repeat;\nbackground-image:url(https:\/\/www.giteslacombe-perigord.com\/wp-content\/uploads\/2021\/12\/bandeau-alentours.jpg);\nbackground-position:50% 50%;\nbackground-attachment:scroll;\n}\n<\/style>\n<div id='av_section_2'  class='avia-section av-kmq7r4iq-7535f1a619eb1d2ff6a0b76391f6fba5 main_color avia-section-no-padding avia-no-border-styling  avia-builder-el-3  el_after_av_section  el_before_av_hr  av-desktop-hide av-medium-hide avia-full-stretch avia-bg-style-scroll av-minimum-height av-minimum-height-custom av-height-custom  container_wrap sidebar_right'  data-section-bg-repeat='stretch' data-av_minimum_height_px='150'><div class='container av-section-cont-open' style='height:150px'><div class='template-page content  av-content-small alpha units'><div class='post-entry post-entry-type-page post-entry-7766'><div class='entry-content-wrapper clearfix'>\n\n<style type=\"text\/css\" data-created_by=\"avia_inline_auto\" id=\"style-css-av-5zunna-9e7fd93f23b7045b45688f11b1e02ffc\">\n#top .av-special-heading.av-5zunna-9e7fd93f23b7045b45688f11b1e02ffc{\npadding-bottom:0;\ncolor:#ffffff;\nfont-size:38px;\n}\nbody .av-special-heading.av-5zunna-9e7fd93f23b7045b45688f11b1e02ffc .av-special-heading-tag .heading-char{\nfont-size:25px;\n}\n#top #wrap_all .av-special-heading.av-5zunna-9e7fd93f23b7045b45688f11b1e02ffc .av-special-heading-tag{\nfont-size:38px;\n}\n.av-special-heading.av-5zunna-9e7fd93f23b7045b45688f11b1e02ffc .special-heading-inner-border{\nborder-color:#ffffff;\n}\n.av-special-heading.av-5zunna-9e7fd93f23b7045b45688f11b1e02ffc .av-subheading{\nfont-size:22px;\n}\n\n@media only screen and (min-width: 480px) and (max-width: 767px){ \n#top #wrap_all .av-special-heading.av-5zunna-9e7fd93f23b7045b45688f11b1e02ffc .av-special-heading-tag{\nfont-size:0.8em;\n}\n}\n\n@media only screen and (max-width: 479px){ \n#top #wrap_all .av-special-heading.av-5zunna-9e7fd93f23b7045b45688f11b1e02ffc .av-special-heading-tag{\nfont-size:0.8em;\n}\n}\n<\/style>\n<div  class='av-special-heading av-5zunna-9e7fd93f23b7045b45688f11b1e02ffc av-special-heading-h2 custom-color-heading blockquote modern-quote  avia-builder-el-4  el_before_av_textblock  avia-builder-el-first  av-inherit-size'><h2 class='av-special-heading-tag '  itemprop=\"headline\"  > G\u00eetes Lacombe<\/h2><div class=\"special-heading-border\"><div class=\"special-heading-inner-border\"><\/div><\/div><\/div>\n\n<style type=\"text\/css\" data-created_by=\"avia_inline_auto\" id=\"style-css-av-kmuknqzf-be3c5b7f6a0715fcc39fddb6a7c5d835\">\n#top .av_textblock_section.av-kmuknqzf-be3c5b7f6a0715fcc39fddb6a7c5d835 .avia_textblock{\nfont-size:14px;\ncolor:#ffffff;\n}\n<\/style>\n<section  class='av_textblock_section av-kmuknqzf-be3c5b7f6a0715fcc39fddb6a7c5d835 '   itemscope=\"itemscope\" itemtype=\"https:\/\/schema.org\/CreativeWork\" ><div class='avia_textblock av_inherit_color'  itemprop=\"text\" ><p><em>Charming cottages for rent<br \/>\nin Dordogne Perigord<\/em><\/p>\n<p><em>\u00a0<\/em><\/p>\n<\/div><\/section>\n<\/div><\/div><\/div><!-- close content main div --><\/div><\/div><div id='after_section_2'  class='main_color av_default_container_wrap container_wrap sidebar_right'  ><div class='container av-section-cont-open' ><div class='template-page content  av-content-small alpha units'><div class='post-entry post-entry-type-page post-entry-7766'><div class='entry-content-wrapper clearfix'>\n\n<style type=\"text\/css\" data-created_by=\"avia_inline_auto\" id=\"style-css-av-kmq80nv6-84baecc957ffb62d4fe0a8ddd2b96424\">\n#top .hr.hr-invisible.av-kmq80nv6-84baecc957ffb62d4fe0a8ddd2b96424{\nheight:10px;\n}\n<\/style>\n<div  class='hr av-kmq80nv6-84baecc957ffb62d4fe0a8ddd2b96424 hr-invisible  avia-builder-el-6  el_after_av_section  el_before_av_one_full  avia-builder-el-first '><span class='hr-inner '><span class=\"hr-inner-style\"><\/span><\/span><\/div>\n\n<style type=\"text\/css\" data-created_by=\"avia_inline_auto\" id=\"style-css-av-fqwa7-bc777090605166d79f2822cdf733312b\">\n.flex_column.av-fqwa7-bc777090605166d79f2822cdf733312b{\nborder-radius:0px 0px 0px 0px;\npadding:0px 0px 0px 0px;\n}\n<\/style>\n<div  class='flex_column av-fqwa7-bc777090605166d79f2822cdf733312b av_one_full  avia-builder-el-7  el_after_av_hr  el_before_av_hr  first flex_column_div av-zero-column-padding  '     ><p>\n<style type=\"text\/css\" data-created_by=\"avia_inline_auto\" id=\"style-css-av-av_heading-0865ef91fa4bb0dedd546064e782761a\">\n#top .av-special-heading.av-av_heading-0865ef91fa4bb0dedd546064e782761a{\npadding-bottom:10px;\n}\nbody .av-special-heading.av-av_heading-0865ef91fa4bb0dedd546064e782761a .av-special-heading-tag .heading-char{\nfont-size:25px;\n}\n.av-special-heading.av-av_heading-0865ef91fa4bb0dedd546064e782761a .av-subheading{\nfont-size:15px;\n}\n<\/style>\n<div  class='av-special-heading av-av_heading-0865ef91fa4bb0dedd546064e782761a av-special-heading-h1  avia-builder-el-8  el_before_av_textblock  avia-builder-el-first '><h1 class='av-special-heading-tag '  itemprop=\"headline\"  >Good addresses<\/h1><div class=\"special-heading-border\"><div class=\"special-heading-inner-border\"><\/div><\/div><\/div><br \/>\n<section  class='av_textblock_section av-kmq7utu9-8693e639043e42b937bc61f4fb15601d '   itemscope=\"itemscope\" itemtype=\"https:\/\/schema.org\/CreativeWork\" ><div class='avia_textblock'  itemprop=\"text\" ><h3><em>Prepare your stay:<\/em><\/h3>\n<ul>\n<li>Office du Tourisme de Sarlat : <a href=\"https:\/\/www.sarlat-tourisme.com\/\" target=\"_blank\" rel=\"noopener\">https:\/\/www.sarlat-tourisme.com\/<\/a><\/li>\n<li>Office du Tourisme Vall\u00e9e V\u00e9z\u00e8re : <a href=\"https:\/\/www.lascaux-dordogne.com\/\" target=\"_blank\" rel=\"noopener\">https:\/\/www.lascaux-dordogne.com\/<\/a><\/li>\n<li>Office du tourisme du Pays de F\u00e9nelon : <a href=\"https:\/\/www.perigordnoir-valleedordogne.com\/\" target=\"_blank\" rel=\"noopener\">https:\/\/www.perigordnoir-valleedordogne.com\/<\/a><\/li>\n<\/ul>\n<\/div><\/section><br \/>\n<section  class='av_textblock_section av-kmq7utu9-8693e639043e42b937bc61f4fb15601d '   itemscope=\"itemscope\" itemtype=\"https:\/\/schema.org\/CreativeWork\" ><div class='avia_textblock'  itemprop=\"text\" ><h3><em>To discover:<\/em><\/h3>\n<ul>\n<li>Aux Berges de la V\u00e9z\u00e8re restaurant \u00e0 Montignac : <a href=\"https:\/\/www.restaurant-montignac.fr\/fr\" target=\"_blank\" rel=\"noopener\">https:\/\/www.restaurant-montignac.fr\/fr<\/a><\/li>\n<li>Pub Restaurant \u00e0 Saint Cr\u00e9pin et Carlucet : <a href=\"http:\/\/theblackduck.fr\/\" target=\"_blank\" rel=\"noopener\">http:\/\/theblackduck.fr\/<\/a><\/li>\n<li>Le Caf\u00e9 Marcel \u00e0 Sarlat<\/li>\n<li>Restaurant \u201cCabanoix et Chataignes\u201d \u00e0 Domme : <a href=\"https:\/\/www.restaurantcabanoix.com\/\" target=\"_blank\" rel=\"noopener\">https:\/\/www.restaurantcabanoix.com\/<\/a><\/li>\n<li>Foie Gras du P\u00e9rigord : <a href=\"https:\/\/www.foiegras-minard.com\" target=\"_blank\" rel=\"noopener\">https:\/\/www.foiegras-minard.com<\/a><\/li>\n<li>Ferme Auberge \u201cLa Garrigue Haute\u201d \u00e0 Prats de Carlux : <a href=\"https:\/\/lagarriguehaute.fr\/\" target=\"_blank\" rel=\"noopener\">https:\/\/lagarriguehaute.fr\/<\/a><\/li>\n<li>Restaurant Le Petit L\u00e9on &#8211; St L\u00e9on sur V\u00e9z\u00e8re\u00a0<a href=\"https:\/\/www.restaurantlepetitleon.fr\/\">https:\/\/www.restaurantlepetitleon.fr\/<\/a><\/li>\n<li>Restaurant et Conserverie \u00e0 La Chapelle Aubareil : <a href=\"https:\/\/www.madeinbareil.com\/\" target=\"_blank\" rel=\"noopener\">https:\/\/www.madeinbareil.com\/<\/a><\/li>\n<li>Restaurant La Belle Etoile \u00e0 La Roque Gageac\u00a0<a href=\"https:\/\/hotel-belle-etoile-dordogne.fr\/le-restaurant\/\">https:\/\/hotel-belle-etoile-dordogne.fr\/le-restaurant\/<\/a><\/li>\n<li>Le Trait d&#8217;Union &#8211; V\u00e9zac\u00a0\u00a0<a href=\"https:\/\/le-trait-dunion-24.com\/\">https:\/\/le-trait-dunion-24.com\/<\/a><\/li>\n<\/ul>\n<\/div><\/section><\/p><\/div><div  class='hr av-2ts052-08bf24d5060a205d5d4c6e151ee125c0 hr-default  avia-builder-el-11  el_after_av_one_full  el_before_av_image '><span class='hr-inner '><span class=\"hr-inner-style\"><\/span><\/span><\/div><\/p>\n\n<style type=\"text\/css\" data-created_by=\"avia_inline_auto\" id=\"style-css-av-kya8r2fi-5208cf0f96d3e6c2a6e3a1cdad5c3d85\">\n.avia-image-container.av-kya8r2fi-5208cf0f96d3e6c2a6e3a1cdad5c3d85 img.avia_image{\nbox-shadow:none;\n}\n.avia-image-container.av-kya8r2fi-5208cf0f96d3e6c2a6e3a1cdad5c3d85 .av-image-caption-overlay-center{\ncolor:#ffffff;\n}\n<\/style>\n<div  class='avia-image-container av-kya8r2fi-5208cf0f96d3e6c2a6e3a1cdad5c3d85 av-styling- avia-align-center  avia-builder-el-12  el_after_av_hr  avia-builder-el-last '   itemprop=\"image\" itemscope=\"itemscope\" itemtype=\"https:\/\/schema.org\/ImageObject\" ><div class=\"avia-image-container-inner\"><div class=\"avia-image-overlay-wrap\"><img decoding=\"async\" fetchpriority=\"high\" class='wp-image-7546 avia-img-lazy-loading-not-7546 avia_image ' src=\"https:\/\/www.giteslacombe-perigord.com\/wp-content\/uploads\/2021\/10\/slide-vallee-vezere-st-leon.jpg\" alt='' title='slide-vallee-vezere-st-leon'  height=\"600\" width=\"900\"  itemprop=\"thumbnailUrl\" srcset=\"https:\/\/www.giteslacombe-perigord.com\/wp-content\/uploads\/2021\/10\/slide-vallee-vezere-st-leon.jpg 900w, https:\/\/www.giteslacombe-perigord.com\/wp-content\/uploads\/2021\/10\/slide-vallee-vezere-st-leon-300x200.jpg 300w, https:\/\/www.giteslacombe-perigord.com\/wp-content\/uploads\/2021\/10\/slide-vallee-vezere-st-leon-768x512.jpg 768w, https:\/\/www.giteslacombe-perigord.com\/wp-content\/uploads\/2021\/10\/slide-vallee-vezere-st-leon-705x470.jpg 705w\" sizes=\"(max-width: 900px) 100vw, 900px\" \/><\/div><\/div><\/div>\n","protected":false},"excerpt":{"rendered":"","protected":false},"author":1,"featured_media":0,"parent":0,"menu_order":0,"comment_status":"closed","ping_status":"closed","template":"","meta":{"footnotes":""},"class_list":["post-7766","page","type-page","status-publish","hentry"],"yoast_head":"<!-- This site is optimized with the Yoast SEO plugin v27.3 - https:\/\/yoast.com\/product\/yoast-seo-wordpress\/ -->\n<title>Good addresses - G\u00eetes Lacombe en Dordogne P\u00e9rigord \u2013 G\u00eetes de charme en Dordogne P\u00e9rigord<\/title>\n<meta name=\"robots\" content=\"index, follow, max-snippet:-1, max-image-preview:large, max-video-preview:-1\" \/>\n<link rel=\"canonical\" href=\"https:\/\/www.giteslacombe-perigord.com\/en\/partners-and-links\/\" \/>\n<meta property=\"og:locale\" content=\"en_US\" \/>\n<meta property=\"og:type\" content=\"article\" \/>\n<meta property=\"og:title\" content=\"Good addresses - G\u00eetes Lacombe en Dordogne P\u00e9rigord \u2013 G\u00eetes de charme en Dordogne P\u00e9rigord\" \/>\n<meta property=\"og:url\" content=\"https:\/\/www.giteslacombe-perigord.com\/en\/partners-and-links\/\" \/>\n<meta property=\"og:site_name\" content=\"G\u00eetes Lacombe en Dordogne P\u00e9rigord \u2013 G\u00eetes de charme en Dordogne P\u00e9rigord\" \/>\n<meta property=\"article:modified_time\" content=\"2024-07-21T12:21:25+00:00\" \/>\n<meta name=\"twitter:card\" content=\"summary_large_image\" \/>\n<meta name=\"twitter:label1\" content=\"Est. reading time\" \/>\n\t<meta name=\"twitter:data1\" content=\"3 minutes\" \/>\n<script type=\"application\/ld+json\" class=\"yoast-schema-graph\">{\"@context\":\"https:\\\/\\\/schema.org\",\"@graph\":[{\"@type\":\"WebPage\",\"@id\":\"https:\\\/\\\/www.giteslacombe-perigord.com\\\/en\\\/partners-and-links\\\/\",\"url\":\"https:\\\/\\\/www.giteslacombe-perigord.com\\\/en\\\/partners-and-links\\\/\",\"name\":\"Good addresses - G\u00eetes Lacombe en Dordogne P\u00e9rigord \u2013 G\u00eetes de charme en Dordogne P\u00e9rigord\",\"isPartOf\":{\"@id\":\"https:\\\/\\\/www.giteslacombe-perigord.com\\\/#website\"},\"datePublished\":\"2021-10-14T13:48:57+00:00\",\"dateModified\":\"2024-07-21T12:21:25+00:00\",\"breadcrumb\":{\"@id\":\"https:\\\/\\\/www.giteslacombe-perigord.com\\\/en\\\/partners-and-links\\\/#breadcrumb\"},\"inLanguage\":\"en-US\",\"potentialAction\":[{\"@type\":\"ReadAction\",\"target\":[\"https:\\\/\\\/www.giteslacombe-perigord.com\\\/en\\\/partners-and-links\\\/\"]}]},{\"@type\":\"BreadcrumbList\",\"@id\":\"https:\\\/\\\/www.giteslacombe-perigord.com\\\/en\\\/partners-and-links\\\/#breadcrumb\",\"itemListElement\":[{\"@type\":\"ListItem\",\"position\":1,\"name\":\"Accueil\",\"item\":\"https:\\\/\\\/www.giteslacombe-perigord.com\\\/en\\\/\"},{\"@type\":\"ListItem\",\"position\":2,\"name\":\"Good addresses\"}]},{\"@type\":\"WebSite\",\"@id\":\"https:\\\/\\\/www.giteslacombe-perigord.com\\\/#website\",\"url\":\"https:\\\/\\\/www.giteslacombe-perigord.com\\\/\",\"name\":\"G\u00eetes Lacombe en Dordogne P\u00e9rigord \u2013 G\u00eetes de charme en Dordogne P\u00e9rigord\",\"description\":\"Location de vacances en Dordogne P\u00e9rigord\",\"publisher\":{\"@id\":\"https:\\\/\\\/www.giteslacombe-perigord.com\\\/#organization\"},\"potentialAction\":[{\"@type\":\"SearchAction\",\"target\":{\"@type\":\"EntryPoint\",\"urlTemplate\":\"https:\\\/\\\/www.giteslacombe-perigord.com\\\/?s={search_term_string}\"},\"query-input\":{\"@type\":\"PropertyValueSpecification\",\"valueRequired\":true,\"valueName\":\"search_term_string\"}}],\"inLanguage\":\"en-US\"},{\"@type\":\"Organization\",\"@id\":\"https:\\\/\\\/www.giteslacombe-perigord.com\\\/#organization\",\"name\":\"G\u00eetes Lacombe - Dordogne P\u00e9rigord\",\"url\":\"https:\\\/\\\/www.giteslacombe-perigord.com\\\/\",\"logo\":{\"@type\":\"ImageObject\",\"inLanguage\":\"en-US\",\"@id\":\"https:\\\/\\\/www.giteslacombe-perigord.com\\\/#\\\/schema\\\/logo\\\/image\\\/\",\"url\":\"https:\\\/\\\/www.giteslacombe-perigord.com\\\/wp-content\\\/uploads\\\/2021\\\/09\\\/logo-lacombe-2021-CARRE-330px.png\",\"contentUrl\":\"https:\\\/\\\/www.giteslacombe-perigord.com\\\/wp-content\\\/uploads\\\/2021\\\/09\\\/logo-lacombe-2021-CARRE-330px.png\",\"width\":330,\"height\":206,\"caption\":\"G\u00eetes Lacombe - Dordogne P\u00e9rigord\"},\"image\":{\"@id\":\"https:\\\/\\\/www.giteslacombe-perigord.com\\\/#\\\/schema\\\/logo\\\/image\\\/\"}}]}<\/script>\n<!-- \/ Yoast SEO plugin. -->","yoast_head_json":{"title":"Good addresses - G\u00eetes Lacombe en Dordogne P\u00e9rigord \u2013 G\u00eetes de charme en Dordogne P\u00e9rigord","robots":{"index":"index","follow":"follow","max-snippet":"max-snippet:-1","max-image-preview":"max-image-preview:large","max-video-preview":"max-video-preview:-1"},"canonical":"https:\/\/www.giteslacombe-perigord.com\/en\/partners-and-links\/","og_locale":"en_US","og_type":"article","og_title":"Good addresses - G\u00eetes Lacombe en Dordogne P\u00e9rigord \u2013 G\u00eetes de charme en Dordogne P\u00e9rigord","og_url":"https:\/\/www.giteslacombe-perigord.com\/en\/partners-and-links\/","og_site_name":"G\u00eetes Lacombe en Dordogne P\u00e9rigord \u2013 G\u00eetes de charme en Dordogne P\u00e9rigord","article_modified_time":"2024-07-21T12:21:25+00:00","twitter_card":"summary_large_image","twitter_misc":{"Est. reading time":"3 minutes"},"schema":{"@context":"https:\/\/schema.org","@graph":[{"@type":"WebPage","@id":"https:\/\/www.giteslacombe-perigord.com\/en\/partners-and-links\/","url":"https:\/\/www.giteslacombe-perigord.com\/en\/partners-and-links\/","name":"Good addresses - G\u00eetes Lacombe en Dordogne P\u00e9rigord \u2013 G\u00eetes de charme en Dordogne P\u00e9rigord","isPartOf":{"@id":"https:\/\/www.giteslacombe-perigord.com\/#website"},"datePublished":"2021-10-14T13:48:57+00:00","dateModified":"2024-07-21T12:21:25+00:00","breadcrumb":{"@id":"https:\/\/www.giteslacombe-perigord.com\/en\/partners-and-links\/#breadcrumb"},"inLanguage":"en-US","potentialAction":[{"@type":"ReadAction","target":["https:\/\/www.giteslacombe-perigord.com\/en\/partners-and-links\/"]}]},{"@type":"BreadcrumbList","@id":"https:\/\/www.giteslacombe-perigord.com\/en\/partners-and-links\/#breadcrumb","itemListElement":[{"@type":"ListItem","position":1,"name":"Accueil","item":"https:\/\/www.giteslacombe-perigord.com\/en\/"},{"@type":"ListItem","position":2,"name":"Good addresses"}]},{"@type":"WebSite","@id":"https:\/\/www.giteslacombe-perigord.com\/#website","url":"https:\/\/www.giteslacombe-perigord.com\/","name":"G\u00eetes Lacombe en Dordogne P\u00e9rigord \u2013 G\u00eetes de charme en Dordogne P\u00e9rigord","description":"Location de vacances en Dordogne P\u00e9rigord","publisher":{"@id":"https:\/\/www.giteslacombe-perigord.com\/#organization"},"potentialAction":[{"@type":"SearchAction","target":{"@type":"EntryPoint","urlTemplate":"https:\/\/www.giteslacombe-perigord.com\/?s={search_term_string}"},"query-input":{"@type":"PropertyValueSpecification","valueRequired":true,"valueName":"search_term_string"}}],"inLanguage":"en-US"},{"@type":"Organization","@id":"https:\/\/www.giteslacombe-perigord.com\/#organization","name":"G\u00eetes Lacombe - Dordogne P\u00e9rigord","url":"https:\/\/www.giteslacombe-perigord.com\/","logo":{"@type":"ImageObject","inLanguage":"en-US","@id":"https:\/\/www.giteslacombe-perigord.com\/#\/schema\/logo\/image\/","url":"https:\/\/www.giteslacombe-perigord.com\/wp-content\/uploads\/2021\/09\/logo-lacombe-2021-CARRE-330px.png","contentUrl":"https:\/\/www.giteslacombe-perigord.com\/wp-content\/uploads\/2021\/09\/logo-lacombe-2021-CARRE-330px.png","width":330,"height":206,"caption":"G\u00eetes Lacombe - Dordogne P\u00e9rigord"},"image":{"@id":"https:\/\/www.giteslacombe-perigord.com\/#\/schema\/logo\/image\/"}}]}},"_links":{"self":[{"href":"https:\/\/www.giteslacombe-perigord.com\/en\/wp-json\/wp\/v2\/pages\/7766","targetHints":{"allow":["GET"]}}],"collection":[{"href":"https:\/\/www.giteslacombe-perigord.com\/en\/wp-json\/wp\/v2\/pages"}],"about":[{"href":"https:\/\/www.giteslacombe-perigord.com\/en\/wp-json\/wp\/v2\/types\/page"}],"author":[{"embeddable":true,"href":"https:\/\/www.giteslacombe-perigord.com\/en\/wp-json\/wp\/v2\/users\/1"}],"replies":[{"embeddable":true,"href":"https:\/\/www.giteslacombe-perigord.com\/en\/wp-json\/wp\/v2\/comments?post=7766"}],"version-history":[{"count":0,"href":"https:\/\/www.giteslacombe-perigord.com\/en\/wp-json\/wp\/v2\/pages\/7766\/revisions"}],"wp:attachment":[{"href":"https:\/\/www.giteslacombe-perigord.com\/en\/wp-json\/wp\/v2\/media?parent=7766"}],"curies":[{"name":"wp","href":"https:\/\/api.w.org\/{rel}","templated":true}]}}