{"id":7806,"date":"2021-03-26T12:18:26","date_gmt":"2021-03-26T11:18:26","guid":{"rendered":"http:\/\/www.giteslacombe-perigord.com\/les-gites\/"},"modified":"2022-07-20T13:35:04","modified_gmt":"2022-07-20T11:35:04","slug":"the-cottages","status":"publish","type":"page","link":"https:\/\/www.giteslacombe-perigord.com\/en\/the-cottages\/","title":{"rendered":"Holiday Cottages"},"content":{"rendered":"\n<style type=\"text\/css\" data-created_by=\"avia_inline_auto\" id=\"style-css-av-kmq7r4iq-acefaba7b2ab0d5d3401d3e7b0095ce5\">\n.avia-section.av-kmq7r4iq-acefaba7b2ab0d5d3401d3e7b0095ce5{\nbackground-repeat:no-repeat;\nbackground-image:url(https:\/\/www.giteslacombe-perigord.com\/wp-content\/uploads\/2022\/02\/header-01.jpg);\nbackground-position:50% 50%;\nbackground-attachment:scroll;\n}\n<\/style>\n<div id='av_section_1'  class='avia-section av-kmq7r4iq-acefaba7b2ab0d5d3401d3e7b0095ce5 main_color avia-section-no-padding avia-no-border-styling  avia-builder-el-0  el_before_av_section  avia-builder-el-first  av-small-hide av-mini-hide avia-full-stretch avia-bg-style-scroll av-minimum-height av-minimum-height-custom av-height-custom  container_wrap sidebar_right'  data-section-bg-repeat='stretch' data-av_minimum_height_px='300'><div class='container av-section-cont-open' style='height:300px'><main  role=\"main\" itemprop=\"mainContentOfPage\"  class='template-page content  av-content-small alpha units'><div class='post-entry post-entry-type-page post-entry-7806'><div class='entry-content-wrapper clearfix'>\n<\/div><\/div><\/main><!-- close content main element --><\/div><\/div>\n<style type=\"text\/css\" data-created_by=\"avia_inline_auto\" id=\"style-css-av-kmq7r4iq-6880ba59fd057a71325499affa309bd8\">\n.avia-section.av-kmq7r4iq-6880ba59fd057a71325499affa309bd8{\nbackground-repeat:no-repeat;\nbackground-image:url(https:\/\/www.giteslacombe-perigord.com\/wp-content\/uploads\/2022\/02\/header-01.jpg);\nbackground-position:50% 50%;\nbackground-attachment:scroll;\n}\n<\/style>\n<div id='av_section_2'  class='avia-section av-kmq7r4iq-6880ba59fd057a71325499affa309bd8 main_color avia-section-no-padding avia-no-border-styling  avia-builder-el-1  el_after_av_section  el_before_av_section  av-desktop-hide av-medium-hide avia-full-stretch avia-bg-style-scroll av-minimum-height av-minimum-height-custom av-height-custom  container_wrap sidebar_right'  data-section-bg-repeat='stretch' data-av_minimum_height_px='150'><div class='container av-section-cont-open' style='height:150px'><div class='template-page content  av-content-small alpha units'><div class='post-entry post-entry-type-page post-entry-7806'><div class='entry-content-wrapper clearfix'>\n<\/div><\/div><\/div><!-- close content main div --><\/div><\/div><div id='av_section_3'  class='avia-section av-gi5rj-d278021be19d5b8e50653cddd36bd360 main_color avia-section-default avia-no-border-styling  avia-builder-el-2  el_after_av_section  avia-builder-el-last  avia-bg-style-scroll container_wrap sidebar_right'  ><div class='container av-section-cont-open' ><div class='template-page content  av-content-small alpha units'><div class='post-entry post-entry-type-page post-entry-7806'><div class='entry-content-wrapper clearfix'>\n\n<style type=\"text\/css\" data-created_by=\"avia_inline_auto\" id=\"style-css-av-kmq80nv6-84baecc957ffb62d4fe0a8ddd2b96424\">\n#top .hr.hr-invisible.av-kmq80nv6-84baecc957ffb62d4fe0a8ddd2b96424{\nheight:10px;\n}\n<\/style>\n<div  class='hr av-kmq80nv6-84baecc957ffb62d4fe0a8ddd2b96424 hr-invisible  avia-builder-el-3  el_before_av_heading  avia-builder-el-first '><span class='hr-inner '><span class=\"hr-inner-style\"><\/span><\/span><\/div>\n\n<style type=\"text\/css\" data-created_by=\"avia_inline_auto\" id=\"style-css-av-av_heading-ae4906612c5ebb1da066cd8c3347a38c\">\n#top .av-special-heading.av-av_heading-ae4906612c5ebb1da066cd8c3347a38c{\npadding-bottom:10px;\n}\nbody .av-special-heading.av-av_heading-ae4906612c5ebb1da066cd8c3347a38c .av-special-heading-tag .heading-char{\nfont-size:25px;\n}\n.av-special-heading.av-av_heading-ae4906612c5ebb1da066cd8c3347a38c .av-subheading{\nfont-size:15px;\n}\n<\/style>\n<div  class='av-special-heading av-av_heading-ae4906612c5ebb1da066cd8c3347a38c av-special-heading-h1  avia-builder-el-4  el_after_av_hr  el_before_av_one_half '><h1 class='av-special-heading-tag '  itemprop=\"headline\"  >Our Charming Cottages for rent in Dordogne<\/h1><div class=\"special-heading-border\"><div class=\"special-heading-inner-border\"><\/div><\/div><\/div>\n<div class='flex_column_table av-a7dev-5c43087eccea45da965768c691a87725 sc-av_one_half av-equal-height-column-flextable'>\n<style type=\"text\/css\" data-created_by=\"avia_inline_auto\" id=\"style-css-av-a7dev-5c43087eccea45da965768c691a87725\">\n.flex_column.av-a7dev-5c43087eccea45da965768c691a87725{\nborder-radius:0px 0px 0px 0px;\npadding:0px 0px 0px 0px;\n}\n<\/style>\n<div  class='flex_column av-a7dev-5c43087eccea45da965768c691a87725 av_one_half  avia-builder-el-5  el_after_av_heading  el_before_av_one_half  first flex_column_table_cell av-equal-height-column av-align-top av-zero-column-padding  '     ><section  class='av_textblock_section av-kmq7utu9-8693e639043e42b937bc61f4fb15601d '   itemscope=\"itemscope\" itemtype=\"https:\/\/schema.org\/CreativeWork\" ><div class='avia_textblock'  itemprop=\"text\" ><p>Our cottages are located in 3 different villages (Saint-Cr\u00e9pin Carlucet, Tamni\u00e8s et Proissans) or parishes close to Sarlat and the Dordogne most beautiful sites. All our houses have use of a shared or a private swimming-pool.<br \/>\nFor enjoyable holidays in the Dordogne.<br \/>\n<strong>Free internet access.<\/strong><\/p>\n<\/div><\/section><\/div><div class='av-flex-placeholder'><\/div>\n<style type=\"text\/css\" data-created_by=\"avia_inline_auto\" id=\"style-css-av-fqwa7-a9fa981aa300c8ea36a61f91b9a11e0c\">\n.flex_column.av-fqwa7-a9fa981aa300c8ea36a61f91b9a11e0c{\nborder-radius:0px 0px 0px 0px;\npadding:0px 0px 0px 0px;\n}\n<\/style>\n<div  class='flex_column av-fqwa7-a9fa981aa300c8ea36a61f91b9a11e0c av_one_half  avia-builder-el-7  el_after_av_one_half  el_before_av_codeblock  flex_column_table_cell av-equal-height-column av-align-top av-zero-column-padding  '     ><section  class='av_textblock_section av-kmq7utu9-8693e639043e42b937bc61f4fb15601d '   itemscope=\"itemscope\" itemtype=\"https:\/\/schema.org\/CreativeWork\" ><div class='avia_textblock'  itemprop=\"text\" ><p>A tennis court (free of charge) is available for the use of the guest at \u201c La Borie\u201d. The maintenance of the swimming pool and the green spaces is regularly made by our care.<br \/>\n<strong>1 animal allowed (dog) in some houses<\/strong>, please contact us.<\/p>\n<\/div><\/section><\/div><\/div><!--close column table wrapper. Autoclose: 1 -->\n\n<style type=\"text\/css\" data-created_by=\"avia_inline_auto\" id=\"style-css-av-kylrplzf-6353bc05d1f5a9a93dfc472f3751c23d\">\n#top .hr.av-kylrplzf-6353bc05d1f5a9a93dfc472f3751c23d{\nmargin-top:0;\nmargin-bottom:0;\n}\n.hr.av-kylrplzf-6353bc05d1f5a9a93dfc472f3751c23d .hr-inner{\nwidth:100%;\nborder-color:#38495b;\n}\n<\/style>\n<div  class='hr av-kylrplzf-6353bc05d1f5a9a93dfc472f3751c23d hr-custom  avia-builder-el-10  el_after_av_codeblock  el_before_av_heading  hr-center hr-icon-no'><span class='hr-inner inner-border-av-border-thin'><span class=\"hr-inner-style\"><\/span><\/span><\/div>\n\n<style type=\"text\/css\" data-created_by=\"avia_inline_auto\" id=\"style-css-av-kylrryw8-4b3cfd36812e5d77f190438a510a7e57\">\n#top .av-special-heading.av-kylrryw8-4b3cfd36812e5d77f190438a510a7e57{\npadding-bottom:10px;\nfont-size:30px;\n}\nbody .av-special-heading.av-kylrryw8-4b3cfd36812e5d77f190438a510a7e57 .av-special-heading-tag .heading-char{\nfont-size:25px;\n}\n#top #wrap_all .av-special-heading.av-kylrryw8-4b3cfd36812e5d77f190438a510a7e57 .av-special-heading-tag{\nfont-size:30px;\n}\n.av-special-heading.av-kylrryw8-4b3cfd36812e5d77f190438a510a7e57 .av-subheading{\nfont-size:15px;\n}\n\n@media only screen and (min-width: 480px) and (max-width: 767px){ \n#top #wrap_all .av-special-heading.av-kylrryw8-4b3cfd36812e5d77f190438a510a7e57 .av-special-heading-tag{\nfont-size:0.8em;\n}\n}\n\n@media only screen and (max-width: 479px){ \n#top #wrap_all .av-special-heading.av-kylrryw8-4b3cfd36812e5d77f190438a510a7e57 .av-special-heading-tag{\nfont-size:0.8em;\n}\n}\n<\/style>\n<div  class='av-special-heading av-kylrryw8-4b3cfd36812e5d77f190438a510a7e57 av-special-heading-h3 blockquote modern-quote  avia-builder-el-11  el_after_av_hr  el_before_av_portfolio  avia-builder-el-last  av-inherit-size'><h3 class='av-special-heading-tag '  itemprop=\"headline\"  >Discover our cottages in details<\/h3><div class=\"special-heading-border\"><div class=\"special-heading-inner-border\"><\/div><\/div><\/div>\n<div  id=\"av-sc-portfolio-1\"  class=\"av-portfolio-grid-sorting-container\"><div class='sort_width_container  av-sort-yes-tax' data-portfolio-id='1' ><div id='js_sort_items' ><div class='av-current-sort-title'><span class=\"inner_sort_button\"><span>All<\/span><small class=\"av-cat-count\"> 9 <\/small><\/span><\/div><div class='sort_by_cat '><a href=\"#\" data-filter=\"all_sort\" class=\"all_sort_button active_sort\"><span class=\"inner_sort_button\"><span>All<\/span><small class=\"av-cat-count\"> 9 <\/small><\/span><\/a><span class=\"text-sep 10-pers-en_sort_sep\">\/<\/span><a href=\"#\" data-filter=\"10-pers-en_sort\" class=\"10-pers-en_sort_button\" ><span class=\"inner_sort_button\"><span>10 PERS.<\/span><small class=\"av-cat-count\"> 2 <\/small><\/span><\/a><span class=\"text-sep 12-pers-en_sort_sep\">\/<\/span><a href=\"#\" data-filter=\"12-pers-en_sort\" class=\"12-pers-en_sort_button\" ><span class=\"inner_sort_button\"><span>12 PERS.<\/span><small class=\"av-cat-count\"> 1 <\/small><\/span><\/a><span class=\"text-sep 3-pers-en_sort_sep\">\/<\/span><a href=\"#\" data-filter=\"3-pers-en_sort\" class=\"3-pers-en_sort_button\" ><span class=\"inner_sort_button\"><span>3 PERS.<\/span><small class=\"av-cat-count\"> 1 <\/small><\/span><\/a><span class=\"text-sep 4-pers-en_sort_sep\">\/<\/span><a href=\"#\" data-filter=\"4-pers-en_sort\" class=\"4-pers-en_sort_button\" ><span class=\"inner_sort_button\"><span>4 PERS.<\/span><small class=\"av-cat-count\"> 3 <\/small><\/span><\/a><span class=\"text-sep 6-pers-en_sort_sep\">\/<\/span><a href=\"#\" data-filter=\"6-pers-en_sort\" class=\"6-pers-en_sort_button\" ><span class=\"inner_sort_button\"><span>6 PERS.<\/span><small class=\"av-cat-count\"> 6 <\/small><\/span><\/a><span class=\"text-sep 8-pers-en_sort_sep\">\/<\/span><a href=\"#\" data-filter=\"8-pers-en_sort\" class=\"8-pers-en_sort_button\" ><span class=\"inner_sort_button\"><span>8 PERS.<\/span><small class=\"av-cat-count\"> 2 <\/small><\/span><\/a><\/div><\/div><\/div><div  class=' grid-sort-container isotope   no_margin-container with-excerpt-container grid-total-odd grid-col-3 grid-links-' data-portfolio-id='1'><div data-ajax-id='7919' class=' grid-entry flex_column isotope-item all_sort no_margin post-entry post-entry-7919 grid-entry-overview grid-loop-1 grid-parity-odd  4-pers-en_sort  av_one_third first default_av_fullwidth '><article class='main_color inner-entry'  itemscope=\"itemscope\" itemtype=\"https:\/\/schema.org\/CreativeWork\" ><a href=\"https:\/\/www.giteslacombe-perigord.com\/en\/gite-en-dordogne\/le-petit-moulin\/\" title='Le Petit Moulin'  data-rel='grid-1' class='grid-image avia-hover-fx'> <img decoding=\"async\" fetchpriority=\"high\" width=\"642\" height=\"335\" src=\"https:\/\/www.giteslacombe-perigord.com\/wp-content\/uploads\/2021\/09\/Vignette-petit-moulin-642x335-1.jpg\" class=\"wp-image-6925 avia-img-lazy-loading-not-6925 attachment-no scaling size-no scaling wp-post-image\" alt=\"\" srcset=\"https:\/\/www.giteslacombe-perigord.com\/wp-content\/uploads\/2021\/09\/Vignette-petit-moulin-642x335-1.jpg 642w, https:\/\/www.giteslacombe-perigord.com\/wp-content\/uploads\/2021\/09\/Vignette-petit-moulin-642x335-1-300x157.jpg 300w\" sizes=\"(max-width: 642px) 100vw, 642px\" \/><\/a><div class='grid-content'><div class='avia-arrow'><\/div><header class=\"entry-content-header\" aria-label=\"Portfolio: Le Petit Moulin\"><h3 class='grid-entry-title entry-title '  itemprop=\"headline\" ><a href='https:\/\/www.giteslacombe-perigord.com\/en\/gite-en-dordogne\/le-petit-moulin\/' title='Le Petit Moulin'>Le Petit Moulin<\/a><\/h3><\/header><div class='grid-entry-excerpt entry-content'  itemprop=\"text\" >Cottage 4 pers. in Proissans<br \/>Shared pool<\/div><\/div><footer class=\"entry-footer\"><\/footer><\/article><\/div><div data-ajax-id='7918' class=' grid-entry flex_column isotope-item all_sort no_margin post-entry post-entry-7918 grid-entry-overview grid-loop-2 grid-parity-even  4-pers-en_sort 6-pers-en_sort  av_one_third  default_av_fullwidth '><article class='main_color inner-entry'  itemscope=\"itemscope\" itemtype=\"https:\/\/schema.org\/CreativeWork\" ><a href=\"https:\/\/www.giteslacombe-perigord.com\/en\/gite-en-dordogne\/le-moulin\/\" title='Le Moulin'  data-rel='grid-1' class='grid-image avia-hover-fx'> <img decoding=\"async\" fetchpriority=\"high\" width=\"2560\" height=\"1705\" src=\"https:\/\/www.giteslacombe-perigord.com\/wp-content\/uploads\/2024\/10\/moulin-scaled-e1730287904944.jpg\" class=\"wp-image-193680 avia-img-lazy-loading-not-193680 attachment-no scaling size-no scaling wp-post-image\" alt=\"\" \/><\/a><div class='grid-content'><div class='avia-arrow'><\/div><header class=\"entry-content-header\" aria-label=\"Portfolio: Le Moulin\"><h3 class='grid-entry-title entry-title '  itemprop=\"headline\" ><a href='https:\/\/www.giteslacombe-perigord.com\/en\/gite-en-dordogne\/le-moulin\/' title='Le Moulin'>Le Moulin<\/a><\/h3><\/header><div class='grid-entry-excerpt entry-content'  itemprop=\"text\" >Cottage 6 pers. in Proissans<br \/>Shared pool<\/div><\/div><footer class=\"entry-footer\"><\/footer><\/article><\/div><div data-ajax-id='7917' class=' grid-entry flex_column isotope-item all_sort no_margin post-entry post-entry-7917 grid-entry-overview grid-loop-3 grid-parity-odd  10-pers-en_sort  av_one_third  default_av_fullwidth '><article class='main_color inner-entry'  itemscope=\"itemscope\" itemtype=\"https:\/\/schema.org\/CreativeWork\" ><a href=\"https:\/\/www.giteslacombe-perigord.com\/en\/gite-en-dordogne\/les-deux-moulins\/\" title='Les Deux Moulins'  data-rel='grid-1' class='grid-image avia-hover-fx'> <img decoding=\"async\" fetchpriority=\"high\" width=\"642\" height=\"335\" src=\"https:\/\/www.giteslacombe-perigord.com\/wp-content\/uploads\/2021\/09\/Vignette-deux-moulins-642x335-1.jpg\" class=\"wp-image-7097 avia-img-lazy-loading-not-7097 attachment-no scaling size-no scaling wp-post-image\" alt=\"\" srcset=\"https:\/\/www.giteslacombe-perigord.com\/wp-content\/uploads\/2021\/09\/Vignette-deux-moulins-642x335-1.jpg 642w, https:\/\/www.giteslacombe-perigord.com\/wp-content\/uploads\/2021\/09\/Vignette-deux-moulins-642x335-1-300x157.jpg 300w\" sizes=\"(max-width: 642px) 100vw, 642px\" \/><\/a><div class='grid-content'><div class='avia-arrow'><\/div><header class=\"entry-content-header\" aria-label=\"Portfolio: Les Deux Moulins\"><h3 class='grid-entry-title entry-title '  itemprop=\"headline\" ><a href='https:\/\/www.giteslacombe-perigord.com\/en\/gite-en-dordogne\/les-deux-moulins\/' title='Les Deux Moulins'>Les Deux Moulins<\/a><\/h3><\/header><div class='grid-entry-excerpt entry-content'  itemprop=\"text\" >2 cottages for 10 pers. in Proissans<br \/>Private pool<\/div><\/div><footer class=\"entry-footer\"><\/footer><\/article><\/div><div data-ajax-id='7916' class=' grid-entry flex_column isotope-item all_sort no_margin post-entry post-entry-7916 grid-entry-overview grid-loop-4 grid-parity-even  3-pers-en_sort 4-pers-en_sort 6-pers-en_sort  av_one_third first default_av_fullwidth '><article class='main_color inner-entry'  itemscope=\"itemscope\" itemtype=\"https:\/\/schema.org\/CreativeWork\" ><a href=\"https:\/\/www.giteslacombe-perigord.com\/en\/gite-en-dordogne\/les-bousquies-est\/\" title='Les Bousquies Est'  data-rel='grid-1' class='grid-image avia-hover-fx'> <img decoding=\"async\" fetchpriority=\"high\" width=\"642\" height=\"335\" src=\"https:\/\/www.giteslacombe-perigord.com\/wp-content\/uploads\/2021\/09\/Vignette-bousquies-est-642x335-1.jpg\" class=\"wp-image-7214 avia-img-lazy-loading-not-7214 attachment-no scaling size-no scaling wp-post-image\" alt=\"\" srcset=\"https:\/\/www.giteslacombe-perigord.com\/wp-content\/uploads\/2021\/09\/Vignette-bousquies-est-642x335-1.jpg 642w, https:\/\/www.giteslacombe-perigord.com\/wp-content\/uploads\/2021\/09\/Vignette-bousquies-est-642x335-1-300x157.jpg 300w\" sizes=\"(max-width: 642px) 100vw, 642px\" \/><\/a><div class='grid-content'><div class='avia-arrow'><\/div><header class=\"entry-content-header\" aria-label=\"Portfolio: Les Bousquies Est\"><h3 class='grid-entry-title entry-title '  itemprop=\"headline\" ><a href='https:\/\/www.giteslacombe-perigord.com\/en\/gite-en-dordogne\/les-bousquies-est\/' title='Les Bousquies Est'>Les Bousquies Est<\/a><\/h3><\/header><div class='grid-entry-excerpt entry-content'  itemprop=\"text\" >Cottage 6 pers. in St-Cr\u00e9pin Carlucet<br \/>Private pool - Air-conditioned <\/div><\/div><footer class=\"entry-footer\"><\/footer><\/article><\/div><div data-ajax-id='7915' class=' grid-entry flex_column isotope-item all_sort no_margin post-entry post-entry-7915 grid-entry-overview grid-loop-5 grid-parity-odd  6-pers-en_sort  av_one_third  default_av_fullwidth '><article class='main_color inner-entry'  itemscope=\"itemscope\" itemtype=\"https:\/\/schema.org\/CreativeWork\" ><a href=\"https:\/\/www.giteslacombe-perigord.com\/en\/gite-en-dordogne\/les-bousquies\/\" title='Les Bousquies'  data-rel='grid-1' class='grid-image avia-hover-fx'> <img decoding=\"async\" fetchpriority=\"high\" width=\"914\" height=\"482\" src=\"https:\/\/www.giteslacombe-perigord.com\/wp-content\/uploads\/2024\/09\/20240913_111951-e1730294205377.jpg\" class=\"wp-image-147502 avia-img-lazy-loading-not-147502 attachment-no scaling size-no scaling wp-post-image\" alt=\"\" srcset=\"https:\/\/www.giteslacombe-perigord.com\/wp-content\/uploads\/2024\/09\/20240913_111951-e1730294205377.jpg 914w, https:\/\/www.giteslacombe-perigord.com\/wp-content\/uploads\/2024\/09\/20240913_111951-e1730294205377-300x158.jpg 300w, https:\/\/www.giteslacombe-perigord.com\/wp-content\/uploads\/2024\/09\/20240913_111951-e1730294205377-768x405.jpg 768w, https:\/\/www.giteslacombe-perigord.com\/wp-content\/uploads\/2024\/09\/20240913_111951-e1730294205377-710x375.jpg 710w, https:\/\/www.giteslacombe-perigord.com\/wp-content\/uploads\/2024\/09\/20240913_111951-e1730294205377-705x372.jpg 705w\" sizes=\"(max-width: 914px) 100vw, 914px\" \/><\/a><div class='grid-content'><div class='avia-arrow'><\/div><header class=\"entry-content-header\" aria-label=\"Portfolio: Les Bousquies\"><h3 class='grid-entry-title entry-title '  itemprop=\"headline\" ><a href='https:\/\/www.giteslacombe-perigord.com\/en\/gite-en-dordogne\/les-bousquies\/' title='Les Bousquies'>Les Bousquies<\/a><\/h3><\/header><div class='grid-entry-excerpt entry-content'  itemprop=\"text\" >Cottage 6 pers. in St-Cr\u00e9pin Carlucet<br \/>Private pool - Air-conditioned <\/div><\/div><footer class=\"entry-footer\"><\/footer><\/article><\/div><div data-ajax-id='7914' class=' grid-entry flex_column isotope-item all_sort no_margin post-entry post-entry-7914 grid-entry-overview grid-loop-6 grid-parity-even  10-pers-en_sort 12-pers-en_sort 8-pers-en_sort  av_one_third  default_av_fullwidth '><article class='main_color inner-entry'  itemscope=\"itemscope\" itemtype=\"https:\/\/schema.org\/CreativeWork\" ><a href=\"https:\/\/www.giteslacombe-perigord.com\/en\/gite-en-dordogne\/ferme-des-vergades\/\" title='La Ferme des Vergades'  data-rel='grid-1' class='grid-image avia-hover-fx'> <img decoding=\"async\" fetchpriority=\"high\" width=\"642\" height=\"335\" src=\"https:\/\/www.giteslacombe-perigord.com\/wp-content\/uploads\/2021\/10\/gite-grangette-00-1-1.jpg\" class=\"wp-image-8665 avia-img-lazy-loading-not-8665 attachment-no scaling size-no scaling wp-post-image\" alt=\"\" srcset=\"https:\/\/www.giteslacombe-perigord.com\/wp-content\/uploads\/2021\/10\/gite-grangette-00-1-1.jpg 642w, https:\/\/www.giteslacombe-perigord.com\/wp-content\/uploads\/2021\/10\/gite-grangette-00-1-1-300x157.jpg 300w\" sizes=\"(max-width: 642px) 100vw, 642px\" \/><\/a><div class='grid-content'><div class='avia-arrow'><\/div><header class=\"entry-content-header\" aria-label=\"Portfolio: La Ferme des Vergades\"><h3 class='grid-entry-title entry-title '  itemprop=\"headline\" ><a href='https:\/\/www.giteslacombe-perigord.com\/en\/gite-en-dordogne\/ferme-des-vergades\/' title='La Ferme des Vergades'>La Ferme des Vergades<\/a><\/h3><\/header><div class='grid-entry-excerpt entry-content'  itemprop=\"text\" >Farm for 12 pers. in St-Cr\u00e9pin Carlucet<br \/>Private pool<\/div><\/div><footer class=\"entry-footer\"><\/footer><\/article><\/div><div data-ajax-id='8721' class=' grid-entry flex_column isotope-item all_sort no_margin post-entry post-entry-8721 grid-entry-overview grid-loop-7 grid-parity-odd  6-pers-en_sort  av_one_third first default_av_fullwidth '><article class='main_color inner-entry'  itemscope=\"itemscope\" itemtype=\"https:\/\/schema.org\/CreativeWork\" ><a href=\"https:\/\/www.giteslacombe-perigord.com\/en\/gite-en-dordogne\/la-grange-ferme-des-vergades\/\" title='La Grange &#8211; Ferme des Vergades'  data-rel='grid-1' class='grid-image avia-hover-fx'> <img decoding=\"async\" fetchpriority=\"high\" width=\"642\" height=\"335\" src=\"https:\/\/www.giteslacombe-perigord.com\/wp-content\/uploads\/2025\/11\/comimages.1118-1030x687-1.jpg\" class=\"wp-image-648593 avia-img-lazy-loading-not-648593 attachment-no scaling size-no scaling wp-post-image\" alt=\"\" srcset=\"https:\/\/www.giteslacombe-perigord.com\/wp-content\/uploads\/2025\/11\/comimages.1118-1030x687-1.jpg 642w, https:\/\/www.giteslacombe-perigord.com\/wp-content\/uploads\/2025\/11\/comimages.1118-1030x687-1-300x157.jpg 300w\" sizes=\"(max-width: 642px) 100vw, 642px\" \/><\/a><div class='grid-content'><div class='avia-arrow'><\/div><header class=\"entry-content-header\" aria-label=\"Portfolio: La Grange &#8211; Ferme des Vergades\"><h3 class='grid-entry-title entry-title '  itemprop=\"headline\" ><a href='https:\/\/www.giteslacombe-perigord.com\/en\/gite-en-dordogne\/la-grange-ferme-des-vergades\/' title='La Grange &#8211; Ferme des Vergades'>La Grange &#8211; Ferme des Vergades<\/a><\/h3><\/header><div class='grid-entry-excerpt entry-content'  itemprop=\"text\" >Cottage 6 pers. in St-Cr\u00e9pin Carlucet<br \/>Private pool - Air-conditioned <\/div><\/div><footer class=\"entry-footer\"><\/footer><\/article><\/div><div data-ajax-id='9429' class=' grid-entry flex_column isotope-item all_sort no_margin post-entry post-entry-9429 grid-entry-overview grid-loop-8 grid-parity-even  6-pers-en_sort  av_one_third  default_av_fullwidth '><article class='main_color inner-entry'  itemscope=\"itemscope\" itemtype=\"https:\/\/schema.org\/CreativeWork\" ><a href=\"https:\/\/www.giteslacombe-perigord.com\/en\/gite-en-dordogne\/la-maison-ferme-des-vergades\/\" title='La Maison &#8211; Ferme des Vergades'  data-rel='grid-1' class='grid-image avia-hover-fx'> <img decoding=\"async\" fetchpriority=\"high\" width=\"642\" height=\"335\" src=\"https:\/\/www.giteslacombe-perigord.com\/wp-content\/uploads\/2022\/10\/vignette-maison-vergades.jpg\" class=\"wp-image-9713 avia-img-lazy-loading-not-9713 attachment-no scaling size-no scaling wp-post-image\" alt=\"\" srcset=\"https:\/\/www.giteslacombe-perigord.com\/wp-content\/uploads\/2022\/10\/vignette-maison-vergades.jpg 642w, https:\/\/www.giteslacombe-perigord.com\/wp-content\/uploads\/2022\/10\/vignette-maison-vergades-300x157.jpg 300w\" sizes=\"(max-width: 642px) 100vw, 642px\" \/><\/a><div class='grid-content'><div class='avia-arrow'><\/div><header class=\"entry-content-header\" aria-label=\"Portfolio: La Maison &#8211; Ferme des Vergades\"><h3 class='grid-entry-title entry-title '  itemprop=\"headline\" ><a href='https:\/\/www.giteslacombe-perigord.com\/en\/gite-en-dordogne\/la-maison-ferme-des-vergades\/' title='La Maison &#8211; Ferme des Vergades'>La Maison &#8211; Ferme des Vergades<\/a><\/h3><\/header><div class='grid-entry-excerpt entry-content'  itemprop=\"text\" >Cottage 6 pers. in St-Cr\u00e9pin Carlucet<br \/>Private pool<\/div><\/div><footer class=\"entry-footer\"><\/footer><\/article><\/div><div data-ajax-id='119423' class=' grid-entry flex_column isotope-item all_sort no_margin post-entry post-entry-119423 grid-entry-overview grid-loop-9 grid-parity-odd  post-entry-last  6-pers-en_sort 8-pers-en_sort  av_one_third  default_av_fullwidth '><article class='main_color inner-entry'  itemscope=\"itemscope\" itemtype=\"https:\/\/schema.org\/CreativeWork\" ><a href=\"https:\/\/www.giteslacombe-perigord.com\/en\/gite-en-dordogne\/ferme-de-la-garrigue\/\" title='Ferme de la Garrigue'  data-rel='grid-1' class='grid-image avia-hover-fx'> <img decoding=\"async\" fetchpriority=\"high\" width=\"2400\" height=\"1600\" src=\"https:\/\/www.giteslacombe-perigord.com\/wp-content\/uploads\/2022\/06\/comimages.9821-e1748932591359.jpg\" class=\"wp-image-8949 avia-img-lazy-loading-not-8949 attachment-no scaling size-no scaling wp-post-image\" alt=\"\" \/><\/a><div class='grid-content'><div class='avia-arrow'><\/div><header class=\"entry-content-header\" aria-label=\"Portfolio: Ferme de la Garrigue\"><h3 class='grid-entry-title entry-title '  itemprop=\"headline\" ><a href='https:\/\/www.giteslacombe-perigord.com\/en\/gite-en-dordogne\/ferme-de-la-garrigue\/' title='Ferme de la Garrigue'>Ferme de la Garrigue<\/a><\/h3><\/header><div class='grid-entry-excerpt entry-content'  itemprop=\"text\" >Cottage 6\/8 persons  in Tamni\u00e8s<br \/>Private pool - Air-conditioned <\/div><\/div><footer class=\"entry-footer\"><\/footer><\/article><\/div><\/div><\/div>   <!--   class=\"av-portfolio-grid-sorting-container\"  -->\n<\/div><\/div><\/div><!-- close content main div --><\/div><\/div><div id='after_section_3'  class='main_color av_default_container_wrap container_wrap sidebar_right'  ><div class='container av-section-cont-open' ><div class='template-page content  av-content-small alpha units'><div class='post-entry post-entry-type-page post-entry-7806'><div class='entry-content-wrapper clearfix'>\n","protected":false},"excerpt":{"rendered":"","protected":false},"author":1,"featured_media":0,"parent":0,"menu_order":0,"comment_status":"closed","ping_status":"closed","template":"","meta":{"footnotes":""},"class_list":["post-7806","page","type-page","status-publish","hentry"],"yoast_head":"<!-- This site is optimized with the Yoast SEO plugin v27.3 - https:\/\/yoast.com\/product\/yoast-seo-wordpress\/ -->\n<title>Holiday Cottages - G\u00eetes Lacombe en Dordogne P\u00e9rigord \u2013 G\u00eetes de charme en Dordogne P\u00e9rigord<\/title>\n<meta name=\"robots\" content=\"index, follow, max-snippet:-1, max-image-preview:large, max-video-preview:-1\" \/>\n<link rel=\"canonical\" href=\"https:\/\/www.giteslacombe-perigord.com\/en\/the-cottages\/\" \/>\n<meta property=\"og:locale\" content=\"en_US\" \/>\n<meta property=\"og:type\" content=\"article\" \/>\n<meta property=\"og:title\" content=\"Holiday Cottages - G\u00eetes Lacombe en Dordogne P\u00e9rigord \u2013 G\u00eetes de charme en Dordogne P\u00e9rigord\" \/>\n<meta property=\"og:url\" content=\"https:\/\/www.giteslacombe-perigord.com\/en\/the-cottages\/\" \/>\n<meta property=\"og:site_name\" content=\"G\u00eetes Lacombe en Dordogne P\u00e9rigord \u2013 G\u00eetes de charme en Dordogne P\u00e9rigord\" \/>\n<meta property=\"article:modified_time\" content=\"2022-07-20T11:35:04+00:00\" \/>\n<meta name=\"twitter:card\" content=\"summary_large_image\" \/>\n<meta name=\"twitter:label1\" content=\"Est. reading time\" \/>\n\t<meta name=\"twitter:data1\" content=\"3 minutes\" \/>\n<script type=\"application\/ld+json\" class=\"yoast-schema-graph\">{\"@context\":\"https:\\\/\\\/schema.org\",\"@graph\":[{\"@type\":\"WebPage\",\"@id\":\"https:\\\/\\\/www.giteslacombe-perigord.com\\\/en\\\/the-cottages\\\/\",\"url\":\"https:\\\/\\\/www.giteslacombe-perigord.com\\\/en\\\/the-cottages\\\/\",\"name\":\"Holiday Cottages - G\u00eetes Lacombe en Dordogne P\u00e9rigord \u2013 G\u00eetes de charme en Dordogne P\u00e9rigord\",\"isPartOf\":{\"@id\":\"https:\\\/\\\/www.giteslacombe-perigord.com\\\/#website\"},\"datePublished\":\"2021-03-26T11:18:26+00:00\",\"dateModified\":\"2022-07-20T11:35:04+00:00\",\"breadcrumb\":{\"@id\":\"https:\\\/\\\/www.giteslacombe-perigord.com\\\/en\\\/the-cottages\\\/#breadcrumb\"},\"inLanguage\":\"en-US\",\"potentialAction\":[{\"@type\":\"ReadAction\",\"target\":[\"https:\\\/\\\/www.giteslacombe-perigord.com\\\/en\\\/the-cottages\\\/\"]}]},{\"@type\":\"BreadcrumbList\",\"@id\":\"https:\\\/\\\/www.giteslacombe-perigord.com\\\/en\\\/the-cottages\\\/#breadcrumb\",\"itemListElement\":[{\"@type\":\"ListItem\",\"position\":1,\"name\":\"Accueil\",\"item\":\"https:\\\/\\\/www.giteslacombe-perigord.com\\\/en\\\/\"},{\"@type\":\"ListItem\",\"position\":2,\"name\":\"Holiday Cottages\"}]},{\"@type\":\"WebSite\",\"@id\":\"https:\\\/\\\/www.giteslacombe-perigord.com\\\/#website\",\"url\":\"https:\\\/\\\/www.giteslacombe-perigord.com\\\/\",\"name\":\"G\u00eetes Lacombe en Dordogne P\u00e9rigord \u2013 G\u00eetes de charme en Dordogne P\u00e9rigord\",\"description\":\"Location de vacances en Dordogne P\u00e9rigord\",\"publisher\":{\"@id\":\"https:\\\/\\\/www.giteslacombe-perigord.com\\\/#organization\"},\"potentialAction\":[{\"@type\":\"SearchAction\",\"target\":{\"@type\":\"EntryPoint\",\"urlTemplate\":\"https:\\\/\\\/www.giteslacombe-perigord.com\\\/?s={search_term_string}\"},\"query-input\":{\"@type\":\"PropertyValueSpecification\",\"valueRequired\":true,\"valueName\":\"search_term_string\"}}],\"inLanguage\":\"en-US\"},{\"@type\":\"Organization\",\"@id\":\"https:\\\/\\\/www.giteslacombe-perigord.com\\\/#organization\",\"name\":\"G\u00eetes Lacombe - Dordogne P\u00e9rigord\",\"url\":\"https:\\\/\\\/www.giteslacombe-perigord.com\\\/\",\"logo\":{\"@type\":\"ImageObject\",\"inLanguage\":\"en-US\",\"@id\":\"https:\\\/\\\/www.giteslacombe-perigord.com\\\/#\\\/schema\\\/logo\\\/image\\\/\",\"url\":\"https:\\\/\\\/www.giteslacombe-perigord.com\\\/wp-content\\\/uploads\\\/2021\\\/09\\\/logo-lacombe-2021-CARRE-330px.png\",\"contentUrl\":\"https:\\\/\\\/www.giteslacombe-perigord.com\\\/wp-content\\\/uploads\\\/2021\\\/09\\\/logo-lacombe-2021-CARRE-330px.png\",\"width\":330,\"height\":206,\"caption\":\"G\u00eetes Lacombe - Dordogne P\u00e9rigord\"},\"image\":{\"@id\":\"https:\\\/\\\/www.giteslacombe-perigord.com\\\/#\\\/schema\\\/logo\\\/image\\\/\"}}]}<\/script>\n<!-- \/ Yoast SEO plugin. -->","yoast_head_json":{"title":"Holiday Cottages - G\u00eetes Lacombe en Dordogne P\u00e9rigord \u2013 G\u00eetes de charme en Dordogne P\u00e9rigord","robots":{"index":"index","follow":"follow","max-snippet":"max-snippet:-1","max-image-preview":"max-image-preview:large","max-video-preview":"max-video-preview:-1"},"canonical":"https:\/\/www.giteslacombe-perigord.com\/en\/the-cottages\/","og_locale":"en_US","og_type":"article","og_title":"Holiday Cottages - G\u00eetes Lacombe en Dordogne P\u00e9rigord \u2013 G\u00eetes de charme en Dordogne P\u00e9rigord","og_url":"https:\/\/www.giteslacombe-perigord.com\/en\/the-cottages\/","og_site_name":"G\u00eetes Lacombe en Dordogne P\u00e9rigord \u2013 G\u00eetes de charme en Dordogne P\u00e9rigord","article_modified_time":"2022-07-20T11:35:04+00:00","twitter_card":"summary_large_image","twitter_misc":{"Est. reading time":"3 minutes"},"schema":{"@context":"https:\/\/schema.org","@graph":[{"@type":"WebPage","@id":"https:\/\/www.giteslacombe-perigord.com\/en\/the-cottages\/","url":"https:\/\/www.giteslacombe-perigord.com\/en\/the-cottages\/","name":"Holiday Cottages - G\u00eetes Lacombe en Dordogne P\u00e9rigord \u2013 G\u00eetes de charme en Dordogne P\u00e9rigord","isPartOf":{"@id":"https:\/\/www.giteslacombe-perigord.com\/#website"},"datePublished":"2021-03-26T11:18:26+00:00","dateModified":"2022-07-20T11:35:04+00:00","breadcrumb":{"@id":"https:\/\/www.giteslacombe-perigord.com\/en\/the-cottages\/#breadcrumb"},"inLanguage":"en-US","potentialAction":[{"@type":"ReadAction","target":["https:\/\/www.giteslacombe-perigord.com\/en\/the-cottages\/"]}]},{"@type":"BreadcrumbList","@id":"https:\/\/www.giteslacombe-perigord.com\/en\/the-cottages\/#breadcrumb","itemListElement":[{"@type":"ListItem","position":1,"name":"Accueil","item":"https:\/\/www.giteslacombe-perigord.com\/en\/"},{"@type":"ListItem","position":2,"name":"Holiday Cottages"}]},{"@type":"WebSite","@id":"https:\/\/www.giteslacombe-perigord.com\/#website","url":"https:\/\/www.giteslacombe-perigord.com\/","name":"G\u00eetes Lacombe en Dordogne P\u00e9rigord \u2013 G\u00eetes de charme en Dordogne P\u00e9rigord","description":"Location de vacances en Dordogne P\u00e9rigord","publisher":{"@id":"https:\/\/www.giteslacombe-perigord.com\/#organization"},"potentialAction":[{"@type":"SearchAction","target":{"@type":"EntryPoint","urlTemplate":"https:\/\/www.giteslacombe-perigord.com\/?s={search_term_string}"},"query-input":{"@type":"PropertyValueSpecification","valueRequired":true,"valueName":"search_term_string"}}],"inLanguage":"en-US"},{"@type":"Organization","@id":"https:\/\/www.giteslacombe-perigord.com\/#organization","name":"G\u00eetes Lacombe - Dordogne P\u00e9rigord","url":"https:\/\/www.giteslacombe-perigord.com\/","logo":{"@type":"ImageObject","inLanguage":"en-US","@id":"https:\/\/www.giteslacombe-perigord.com\/#\/schema\/logo\/image\/","url":"https:\/\/www.giteslacombe-perigord.com\/wp-content\/uploads\/2021\/09\/logo-lacombe-2021-CARRE-330px.png","contentUrl":"https:\/\/www.giteslacombe-perigord.com\/wp-content\/uploads\/2021\/09\/logo-lacombe-2021-CARRE-330px.png","width":330,"height":206,"caption":"G\u00eetes Lacombe - Dordogne P\u00e9rigord"},"image":{"@id":"https:\/\/www.giteslacombe-perigord.com\/#\/schema\/logo\/image\/"}}]}},"_links":{"self":[{"href":"https:\/\/www.giteslacombe-perigord.com\/en\/wp-json\/wp\/v2\/pages\/7806","targetHints":{"allow":["GET"]}}],"collection":[{"href":"https:\/\/www.giteslacombe-perigord.com\/en\/wp-json\/wp\/v2\/pages"}],"about":[{"href":"https:\/\/www.giteslacombe-perigord.com\/en\/wp-json\/wp\/v2\/types\/page"}],"author":[{"embeddable":true,"href":"https:\/\/www.giteslacombe-perigord.com\/en\/wp-json\/wp\/v2\/users\/1"}],"replies":[{"embeddable":true,"href":"https:\/\/www.giteslacombe-perigord.com\/en\/wp-json\/wp\/v2\/comments?post=7806"}],"version-history":[{"count":0,"href":"https:\/\/www.giteslacombe-perigord.com\/en\/wp-json\/wp\/v2\/pages\/7806\/revisions"}],"wp:attachment":[{"href":"https:\/\/www.giteslacombe-perigord.com\/en\/wp-json\/wp\/v2\/media?parent=7806"}],"curies":[{"name":"wp","href":"https:\/\/api.w.org\/{rel}","templated":true}]}}