{"id":7808,"date":"2021-05-12T16:31:46","date_gmt":"2021-05-12T14:31:46","guid":{"rendered":"http:\/\/www.giteslacombe-perigord.com\/gites-lacombe-qui-sommes-nous\/"},"modified":"2022-06-17T15:09:34","modified_gmt":"2022-06-17T13:09:34","slug":"our-history","status":"publish","type":"page","link":"https:\/\/www.giteslacombe-perigord.com\/en\/our-history\/","title":{"rendered":"Our Story"},"content":{"rendered":"\n<style type=\"text\/css\" data-created_by=\"avia_inline_auto\" id=\"style-css-av-kmq7r4iq-acefaba7b2ab0d5d3401d3e7b0095ce5\">\n.avia-section.av-kmq7r4iq-acefaba7b2ab0d5d3401d3e7b0095ce5{\nbackground-repeat:no-repeat;\nbackground-image:url(https:\/\/www.giteslacombe-perigord.com\/wp-content\/uploads\/2022\/02\/header-01.jpg);\nbackground-position:50% 50%;\nbackground-attachment:scroll;\n}\n<\/style>\n<div id='av_section_1'  class='avia-section av-kmq7r4iq-acefaba7b2ab0d5d3401d3e7b0095ce5 main_color avia-section-no-padding avia-no-border-styling  avia-builder-el-0  el_before_av_section  avia-builder-el-first  av-small-hide av-mini-hide avia-full-stretch avia-bg-style-scroll av-minimum-height av-minimum-height-custom av-height-custom  container_wrap sidebar_right'  data-section-bg-repeat='stretch' data-av_minimum_height_px='300'><div class='container av-section-cont-open' style='height:300px'><main  role=\"main\" itemprop=\"mainContentOfPage\"  class='template-page content  av-content-small alpha units'><div class='post-entry post-entry-type-page post-entry-7808'><div class='entry-content-wrapper clearfix'>\n\n<style type=\"text\/css\" data-created_by=\"avia_inline_auto\" id=\"style-css-av-av_heading-d69382424a642fc0eec39458dd00ed0f\">\n#top .av-special-heading.av-av_heading-d69382424a642fc0eec39458dd00ed0f{\npadding-bottom:0;\ncolor:#ffffff;\nfont-size:38px;\n}\nbody .av-special-heading.av-av_heading-d69382424a642fc0eec39458dd00ed0f .av-special-heading-tag .heading-char{\nfont-size:25px;\n}\n#top #wrap_all .av-special-heading.av-av_heading-d69382424a642fc0eec39458dd00ed0f .av-special-heading-tag{\nfont-size:38px;\n}\n.av-special-heading.av-av_heading-d69382424a642fc0eec39458dd00ed0f .special-heading-inner-border{\nborder-color:#ffffff;\n}\n.av-special-heading.av-av_heading-d69382424a642fc0eec39458dd00ed0f .av-subheading{\nfont-size:22px;\n}\n\n@media only screen and (min-width: 480px) and (max-width: 767px){ \n#top #wrap_all .av-special-heading.av-av_heading-d69382424a642fc0eec39458dd00ed0f .av-special-heading-tag{\nfont-size:0.8em;\n}\n}\n\n@media only screen and (max-width: 479px){ \n#top #wrap_all .av-special-heading.av-av_heading-d69382424a642fc0eec39458dd00ed0f .av-special-heading-tag{\nfont-size:0.8em;\n}\n}\n<\/style>\n<div  class='av-special-heading av-av_heading-d69382424a642fc0eec39458dd00ed0f av-special-heading-h2 custom-color-heading blockquote modern-quote  avia-builder-el-1  el_before_av_textblock  avia-builder-el-first  av-inherit-size'><h2 class='av-special-heading-tag '  itemprop=\"headline\"  > G\u00eetes Lacombe<\/h2><div class=\"special-heading-border\"><div class=\"special-heading-inner-border\"><\/div><\/div><\/div>\n\n<style type=\"text\/css\" data-created_by=\"avia_inline_auto\" id=\"style-css-av-kmuknqzf-ebe4e9557316f973d780c730c6b846ac\">\n#top .av_textblock_section.av-kmuknqzf-ebe4e9557316f973d780c730c6b846ac .avia_textblock{\nfont-size:18px;\ncolor:#ffffff;\n}\n<\/style>\n<section  class='av_textblock_section av-kmuknqzf-ebe4e9557316f973d780c730c6b846ac '   itemscope=\"itemscope\" itemtype=\"https:\/\/schema.org\/CreativeWork\" ><div class='avia_textblock av_inherit_color'  itemprop=\"text\" ><p><em>Charming cottages for rent in Dordogne Perigord<br \/>\n<\/em><\/p>\n<\/div><\/section>\n\n<\/div><\/div><\/main><!-- close content main element --><\/div><\/div>\n<style type=\"text\/css\" data-created_by=\"avia_inline_auto\" id=\"style-css-av-kmq7r4iq-6880ba59fd057a71325499affa309bd8\">\n.avia-section.av-kmq7r4iq-6880ba59fd057a71325499affa309bd8{\nbackground-repeat:no-repeat;\nbackground-image:url(https:\/\/www.giteslacombe-perigord.com\/wp-content\/uploads\/2022\/02\/header-01.jpg);\nbackground-position:50% 50%;\nbackground-attachment:scroll;\n}\n<\/style>\n<div id='av_section_2'  class='avia-section av-kmq7r4iq-6880ba59fd057a71325499affa309bd8 main_color avia-section-no-padding avia-no-border-styling  avia-builder-el-3  el_after_av_section  el_before_av_section  av-desktop-hide av-medium-hide avia-full-stretch avia-bg-style-scroll av-minimum-height av-minimum-height-custom av-height-custom  container_wrap sidebar_right'  data-section-bg-repeat='stretch' data-av_minimum_height_px='150'><div class='container av-section-cont-open' style='height:150px'><div class='template-page content  av-content-small alpha units'><div class='post-entry post-entry-type-page post-entry-7808'><div class='entry-content-wrapper clearfix'>\n\n<style type=\"text\/css\" data-created_by=\"avia_inline_auto\" id=\"style-css-av-av_heading-d69382424a642fc0eec39458dd00ed0f\">\n#top .av-special-heading.av-av_heading-d69382424a642fc0eec39458dd00ed0f{\npadding-bottom:0;\ncolor:#ffffff;\nfont-size:38px;\n}\nbody .av-special-heading.av-av_heading-d69382424a642fc0eec39458dd00ed0f .av-special-heading-tag .heading-char{\nfont-size:25px;\n}\n#top #wrap_all .av-special-heading.av-av_heading-d69382424a642fc0eec39458dd00ed0f .av-special-heading-tag{\nfont-size:38px;\n}\n.av-special-heading.av-av_heading-d69382424a642fc0eec39458dd00ed0f .special-heading-inner-border{\nborder-color:#ffffff;\n}\n.av-special-heading.av-av_heading-d69382424a642fc0eec39458dd00ed0f .av-subheading{\nfont-size:22px;\n}\n\n@media only screen and (min-width: 480px) and (max-width: 767px){ \n#top #wrap_all .av-special-heading.av-av_heading-d69382424a642fc0eec39458dd00ed0f .av-special-heading-tag{\nfont-size:0.8em;\n}\n}\n\n@media only screen and (max-width: 479px){ \n#top #wrap_all .av-special-heading.av-av_heading-d69382424a642fc0eec39458dd00ed0f .av-special-heading-tag{\nfont-size:0.8em;\n}\n}\n<\/style>\n<div  class='av-special-heading av-av_heading-d69382424a642fc0eec39458dd00ed0f av-special-heading-h2 custom-color-heading blockquote modern-quote  avia-builder-el-4  el_before_av_textblock  avia-builder-el-first  av-inherit-size'><h2 class='av-special-heading-tag '  itemprop=\"headline\"  > G\u00eetes Lacombe<\/h2><div class=\"special-heading-border\"><div class=\"special-heading-inner-border\"><\/div><\/div><\/div>\n\n<style type=\"text\/css\" data-created_by=\"avia_inline_auto\" id=\"style-css-av-kmuknqzf-be3c5b7f6a0715fcc39fddb6a7c5d835\">\n#top .av_textblock_section.av-kmuknqzf-be3c5b7f6a0715fcc39fddb6a7c5d835 .avia_textblock{\nfont-size:14px;\ncolor:#ffffff;\n}\n<\/style>\n<section  class='av_textblock_section av-kmuknqzf-be3c5b7f6a0715fcc39fddb6a7c5d835 '   itemscope=\"itemscope\" itemtype=\"https:\/\/schema.org\/CreativeWork\" ><div class='avia_textblock av_inherit_color'  itemprop=\"text\" ><p><em>Charming holiday cottages<br \/>\nin Dordogne Perigord<br \/>\n<\/em><\/p>\n<\/div><\/section>\n\n<\/div><\/div><\/div><!-- close content main div --><\/div><\/div><div id='av_section_3'  class='avia-section av-gi5rj-39a7d96d1a00c2cfd416275544cc73d6 main_color avia-section-default avia-no-border-styling  avia-builder-el-6  el_after_av_section  avia-builder-el-last  avia-bg-style-scroll container_wrap sidebar_right'  ><div class='container av-section-cont-open' ><div class='template-page content  av-content-small alpha units'><div class='post-entry post-entry-type-page post-entry-7808'><div class='entry-content-wrapper clearfix'>\n\n<style type=\"text\/css\" data-created_by=\"avia_inline_auto\" id=\"style-css-av-kmq80nv6-84baecc957ffb62d4fe0a8ddd2b96424\">\n#top .hr.hr-invisible.av-kmq80nv6-84baecc957ffb62d4fe0a8ddd2b96424{\nheight:10px;\n}\n<\/style>\n<div  class='hr av-kmq80nv6-84baecc957ffb62d4fe0a8ddd2b96424 hr-invisible  avia-builder-el-7  el_before_av_heading  avia-builder-el-first '><span class='hr-inner '><span class=\"hr-inner-style\"><\/span><\/span><\/div>\n\n<style type=\"text\/css\" data-created_by=\"avia_inline_auto\" id=\"style-css-av-av_heading-80f5ad283ec815af8d4580e565cd8123\">\n#top .av-special-heading.av-av_heading-80f5ad283ec815af8d4580e565cd8123{\npadding-bottom:10px;\n}\nbody .av-special-heading.av-av_heading-80f5ad283ec815af8d4580e565cd8123 .av-special-heading-tag .heading-char{\nfont-size:25px;\n}\n.av-special-heading.av-av_heading-80f5ad283ec815af8d4580e565cd8123 .av-subheading{\nfont-size:15px;\n}\n<\/style>\n<div  class='av-special-heading av-av_heading-80f5ad283ec815af8d4580e565cd8123 av-special-heading-h1  avia-builder-el-8  el_after_av_hr  el_before_av_two_third '><h1 class='av-special-heading-tag '  itemprop=\"headline\"  >G\u00eetes Lacombe in Black Perigord: A family history<\/h1><div class=\"special-heading-border\"><div class=\"special-heading-inner-border\"><\/div><\/div><\/div>\n\n<style type=\"text\/css\" data-created_by=\"avia_inline_auto\" id=\"style-css-av-fqwa7-bc777090605166d79f2822cdf733312b\">\n.flex_column.av-fqwa7-bc777090605166d79f2822cdf733312b{\nborder-radius:0px 0px 0px 0px;\npadding:0px 0px 0px 0px;\n}\n<\/style>\n<div  class='flex_column av-fqwa7-bc777090605166d79f2822cdf733312b av_two_third  avia-builder-el-9  el_after_av_heading  el_before_av_one_third  first flex_column_div av-zero-column-padding  '     ><p><section  class='av_textblock_section av-kmq7utu9-8693e639043e42b937bc61f4fb15601d '   itemscope=\"itemscope\" itemtype=\"https:\/\/schema.org\/CreativeWork\" ><div class='avia_textblock'  itemprop=\"text\" ><p><img loading=\"lazy\" decoding=\"async\" class=\"size-medium wp-image-8903 alignleft\" src=\"https:\/\/www.giteslacombe-perigord.com\/wp-content\/uploads\/2022\/06\/DSC_3153-2-300x172.jpg\" alt=\"\" width=\"300\" height=\"172\" srcset=\"https:\/\/www.giteslacombe-perigord.com\/wp-content\/uploads\/2022\/06\/DSC_3153-2-300x172.jpg 300w, https:\/\/www.giteslacombe-perigord.com\/wp-content\/uploads\/2022\/06\/DSC_3153-2-1030x591.jpg 1030w, https:\/\/www.giteslacombe-perigord.com\/wp-content\/uploads\/2022\/06\/DSC_3153-2-768x441.jpg 768w, https:\/\/www.giteslacombe-perigord.com\/wp-content\/uploads\/2022\/06\/DSC_3153-2-1536x881.jpg 1536w, https:\/\/www.giteslacombe-perigord.com\/wp-content\/uploads\/2022\/06\/DSC_3153-2-2048x1175.jpg 2048w, https:\/\/www.giteslacombe-perigord.com\/wp-content\/uploads\/2022\/06\/DSC_3153-2-1500x860.jpg 1500w, https:\/\/www.giteslacombe-perigord.com\/wp-content\/uploads\/2022\/06\/DSC_3153-2-705x404.jpg 705w\" sizes=\"auto, (max-width: 300px) 100vw, 300px\" \/>The history of G\u00eetes Lacombe began in the early 1980s, with the purchase of the &#8220;Petits Moulins&#8221;, which were former outbuildings of Ch\u00e2teau de la Roussie in Poissans. We live in the heart of the P\u00e9rigord Noir and a stone&#8217;s throw from our home, this completely ruined complex was ideally located between the V\u00e9z\u00e8re Valley, the Dordogne Valley and a few kilometers from the Medieval City of Sarlat.<br \/>\nBack then we were only farmers, producing tabacco, walnuts and breeding pigs and we wanted to diversify our activity. We spent pleasant moments renovating this lovely mill as a family.<\/p>\n<p>During the works, an English seasonal rental agency came to greet us by offering us an interesting rental management proposal! At that time, the Dordogne was still \u201cin its own juice\u201d barely known for its caves. It was the start of tourist activity and the P\u00e9rigord quickly aroused the enthusiasm of holidaymakers.<\/p>\n<p>Driven by our love of old stones, in 1987 we invested in 4 groups of ruined houses, to be renovated at our own pace and always with the family. Apart from the plumbing and electricity, we took care of all the work, including our agricultural machines for the structure of the house.<\/p>\n<\/div><\/section><br \/>\n\n<style type=\"text\/css\" data-created_by=\"avia_inline_auto\" id=\"style-css-av-kolkt7n4-1d93d9ab0b11c0bd27a0e07a57a48f6c\">\n.avia-image-container.av-kolkt7n4-1d93d9ab0b11c0bd27a0e07a57a48f6c img.avia_image{\nbox-shadow:none;\n}\n.avia-image-container.av-kolkt7n4-1d93d9ab0b11c0bd27a0e07a57a48f6c .av-image-caption-overlay-center{\ncolor:#ffffff;\n}\n<\/style>\n<div  class='avia-image-container av-kolkt7n4-1d93d9ab0b11c0bd27a0e07a57a48f6c av-styling- avia-align-center  avia-builder-el-11  el_after_av_textblock  el_before_av_textblock '   itemprop=\"image\" itemscope=\"itemscope\" itemtype=\"https:\/\/schema.org\/ImageObject\" ><div class=\"avia-image-container-inner\"><div class=\"avia-image-overlay-wrap\"><img decoding=\"async\" fetchpriority=\"high\" class='wp-image-6873 avia-img-lazy-loading-not-6873 avia_image ' src=\"https:\/\/www.giteslacombe-perigord.com\/wp-content\/uploads\/2021\/05\/enfants-lacombe.jpg\" alt='' title='enfants-lacombe'  height=\"570\" width=\"1280\"  itemprop=\"thumbnailUrl\" srcset=\"https:\/\/www.giteslacombe-perigord.com\/wp-content\/uploads\/2021\/05\/enfants-lacombe.jpg 1280w, https:\/\/www.giteslacombe-perigord.com\/wp-content\/uploads\/2021\/05\/enfants-lacombe-300x134.jpg 300w, https:\/\/www.giteslacombe-perigord.com\/wp-content\/uploads\/2021\/05\/enfants-lacombe-1030x459.jpg 1030w, https:\/\/www.giteslacombe-perigord.com\/wp-content\/uploads\/2021\/05\/enfants-lacombe-768x342.jpg 768w, https:\/\/www.giteslacombe-perigord.com\/wp-content\/uploads\/2021\/05\/enfants-lacombe-705x314.jpg 705w\" sizes=\"(max-width: 1280px) 100vw, 1280px\" \/><\/div><\/div><\/div><br \/>\n<section  class='av_textblock_section av-kmq7utu9-8693e639043e42b937bc61f4fb15601d '   itemscope=\"itemscope\" itemtype=\"https:\/\/schema.org\/CreativeWork\" ><div class='avia_textblock'  itemprop=\"text\" ><p>These renovations were completed in 2004, thanks to the help of our entire family which has since grown. We have 3 children including 2 who work with us. Since 2008, our daughter Audrey provides rental management, which is now done exclusively by us.\u00a0 Today we have 10 houses to rent, a new renovation project is in progress&#8230;<\/p>\n<\/div><\/section><br \/>\n<section  class='av_textblock_section av-kmq7utu9-8693e639043e42b937bc61f4fb15601d '   itemscope=\"itemscope\" itemtype=\"https:\/\/schema.org\/CreativeWork\" ><div class='avia_textblock'  itemprop=\"text\" ><h3>Some of our cottages before and after renovation<\/h3>\n<\/div><\/section><br \/>\n<div  class='avia-slideshow av-kollimi2-0bbafb05bf1eec71be6edd4a05b10e05 avia-slideshow-no scaling av_slideshow avia-slide-slider  avia-builder-el-14  el_after_av_textblock  avia-builder-el-last  av-slideshow-ui av-control-default av-slideshow-autoplay av-loop-endless av-loop-manual-endless av-default-height-applied avia-slideshow-1' data-slideshow-options=\"{&quot;animation&quot;:&quot;slide&quot;,&quot;autoplay&quot;:true,&quot;loop_autoplay&quot;:&quot;endless&quot;,&quot;interval&quot;:5,&quot;loop_manual&quot;:&quot;manual-endless&quot;,&quot;autoplay_stopper&quot;:false,&quot;noNavigation&quot;:false,&quot;bg_slider&quot;:false,&quot;keep_padding&quot;:false,&quot;hoverpause&quot;:false,&quot;show_slide_delay&quot;:0}\"  itemprop=\"image\" itemscope=\"itemscope\" itemtype=\"https:\/\/schema.org\/ImageObject\" ><ul class='avia-slideshow-inner ' style='padding-bottom: 66.666666666667%;'><li  class='avia-slideshow-slide av-kollimi2-0bbafb05bf1eec71be6edd4a05b10e05__0  slide-1 slide-odd'><div data-rel='slideshow-1' class='avia-slide-wrap '   ><div class='av-slideshow-caption av-kollimi2-0bbafb05bf1eec71be6edd4a05b10e05__0 avia-caption'><div class=\"avia-inner-caption\"><h2 class='avia-caption-title '  itemprop=\"name\" >Avant<\/h2><\/div><\/div><img decoding=\"async\" fetchpriority=\"high\" class=\"wp-image-6885 avia-img-lazy-loading-not-6885\"  src=\"https:\/\/www.giteslacombe-perigord.com\/wp-content\/uploads\/2021\/05\/Petite-Chassagne-OLD.jpg\" width=\"1200\" height=\"800\" title='Petite-Chassagne-OLD' alt=''  itemprop=\"thumbnailUrl\" srcset=\"https:\/\/www.giteslacombe-perigord.com\/wp-content\/uploads\/2021\/05\/Petite-Chassagne-OLD.jpg 1200w, https:\/\/www.giteslacombe-perigord.com\/wp-content\/uploads\/2021\/05\/Petite-Chassagne-OLD-300x200.jpg 300w, https:\/\/www.giteslacombe-perigord.com\/wp-content\/uploads\/2021\/05\/Petite-Chassagne-OLD-1030x687.jpg 1030w, https:\/\/www.giteslacombe-perigord.com\/wp-content\/uploads\/2021\/05\/Petite-Chassagne-OLD-768x512.jpg 768w, https:\/\/www.giteslacombe-perigord.com\/wp-content\/uploads\/2021\/05\/Petite-Chassagne-OLD-705x470.jpg 705w\" sizes=\"(max-width: 1200px) 100vw, 1200px\" \/><\/div><\/li><li  class='avia-slideshow-slide av-kollimi2-0bbafb05bf1eec71be6edd4a05b10e05__2  slide-2 slide-even'><div data-rel='slideshow-1' class='avia-slide-wrap '   ><div class='av-slideshow-caption av-kollimi2-0bbafb05bf1eec71be6edd4a05b10e05__2 avia-caption'><div class=\"avia-inner-caption\"><h2 class='avia-caption-title '  itemprop=\"name\" >Avant<\/h2><\/div><\/div><img decoding=\"async\" fetchpriority=\"high\" class=\"wp-image-6879 avia-img-lazy-loading-not-6879\"  src=\"https:\/\/www.giteslacombe-perigord.com\/wp-content\/uploads\/2021\/05\/Tilleul-OLD.jpg\" width=\"1200\" height=\"800\" title='Tilleul-OLD' alt=''  itemprop=\"thumbnailUrl\" srcset=\"https:\/\/www.giteslacombe-perigord.com\/wp-content\/uploads\/2021\/05\/Tilleul-OLD.jpg 1200w, https:\/\/www.giteslacombe-perigord.com\/wp-content\/uploads\/2021\/05\/Tilleul-OLD-300x200.jpg 300w, https:\/\/www.giteslacombe-perigord.com\/wp-content\/uploads\/2021\/05\/Tilleul-OLD-1030x687.jpg 1030w, https:\/\/www.giteslacombe-perigord.com\/wp-content\/uploads\/2021\/05\/Tilleul-OLD-768x512.jpg 768w, https:\/\/www.giteslacombe-perigord.com\/wp-content\/uploads\/2021\/05\/Tilleul-OLD-705x470.jpg 705w\" sizes=\"(max-width: 1200px) 100vw, 1200px\" \/><\/div><\/li><li  class='avia-slideshow-slide av-kollimi2-0bbafb05bf1eec71be6edd4a05b10e05__3  slide-3 slide-odd'><div data-rel='slideshow-1' class='avia-slide-wrap '   ><div class='av-slideshow-caption av-kollimi2-0bbafb05bf1eec71be6edd4a05b10e05__3 avia-caption'><div class=\"avia-inner-caption\"><h2 class='avia-caption-title '  itemprop=\"name\" >Apr\u00e8s<\/h2><\/div><\/div><img decoding=\"async\" fetchpriority=\"high\" class=\"wp-image-6893 avia-img-lazy-loading-not-6893\"  src=\"https:\/\/www.giteslacombe-perigord.com\/wp-content\/uploads\/2021\/05\/Tilleul-NEW.jpg\" width=\"1200\" height=\"800\" title='Tilleul-NEW' alt=''  itemprop=\"thumbnailUrl\" srcset=\"https:\/\/www.giteslacombe-perigord.com\/wp-content\/uploads\/2021\/05\/Tilleul-NEW.jpg 1200w, https:\/\/www.giteslacombe-perigord.com\/wp-content\/uploads\/2021\/05\/Tilleul-NEW-300x200.jpg 300w, https:\/\/www.giteslacombe-perigord.com\/wp-content\/uploads\/2021\/05\/Tilleul-NEW-1030x687.jpg 1030w, https:\/\/www.giteslacombe-perigord.com\/wp-content\/uploads\/2021\/05\/Tilleul-NEW-768x512.jpg 768w, https:\/\/www.giteslacombe-perigord.com\/wp-content\/uploads\/2021\/05\/Tilleul-NEW-705x470.jpg 705w\" sizes=\"(max-width: 1200px) 100vw, 1200px\" \/><\/div><\/li><li  class='avia-slideshow-slide av-kollimi2-0bbafb05bf1eec71be6edd4a05b10e05__5  slide-4 slide-even'><div data-rel='slideshow-1' class='avia-slide-wrap '   ><div class='av-slideshow-caption av-kollimi2-0bbafb05bf1eec71be6edd4a05b10e05__5 avia-caption'><div class=\"avia-inner-caption\"><h2 class='avia-caption-title '  itemprop=\"name\" >Avant<\/h2><\/div><\/div><img decoding=\"async\" fetchpriority=\"high\" class=\"wp-image-6883 avia-img-lazy-loading-not-6883\"  src=\"https:\/\/www.giteslacombe-perigord.com\/wp-content\/uploads\/2021\/05\/Maison-OLD.jpg\" width=\"1200\" height=\"800\" title='Maison-OLD' alt=''  itemprop=\"thumbnailUrl\" srcset=\"https:\/\/www.giteslacombe-perigord.com\/wp-content\/uploads\/2021\/05\/Maison-OLD.jpg 1200w, https:\/\/www.giteslacombe-perigord.com\/wp-content\/uploads\/2021\/05\/Maison-OLD-300x200.jpg 300w, https:\/\/www.giteslacombe-perigord.com\/wp-content\/uploads\/2021\/05\/Maison-OLD-1030x687.jpg 1030w, https:\/\/www.giteslacombe-perigord.com\/wp-content\/uploads\/2021\/05\/Maison-OLD-768x512.jpg 768w, https:\/\/www.giteslacombe-perigord.com\/wp-content\/uploads\/2021\/05\/Maison-OLD-705x470.jpg 705w\" sizes=\"(max-width: 1200px) 100vw, 1200px\" \/><\/div><\/li><li  class='avia-slideshow-slide av-kollimi2-0bbafb05bf1eec71be6edd4a05b10e05__6  slide-5 slide-odd'><div data-rel='slideshow-1' class='avia-slide-wrap '   ><div class='av-slideshow-caption av-kollimi2-0bbafb05bf1eec71be6edd4a05b10e05__6 avia-caption'><div class=\"avia-inner-caption\"><h2 class='avia-caption-title '  itemprop=\"name\" >Apr\u00e8s<\/h2><\/div><\/div><img decoding=\"async\" fetchpriority=\"high\" class=\"wp-image-6881 avia-img-lazy-loading-not-6881\"  src=\"https:\/\/www.giteslacombe-perigord.com\/wp-content\/uploads\/2021\/05\/Maison-NEW.jpg\" width=\"1200\" height=\"800\" title='Maison-NEW' alt=''  itemprop=\"thumbnailUrl\" srcset=\"https:\/\/www.giteslacombe-perigord.com\/wp-content\/uploads\/2021\/05\/Maison-NEW.jpg 1200w, https:\/\/www.giteslacombe-perigord.com\/wp-content\/uploads\/2021\/05\/Maison-NEW-300x200.jpg 300w, https:\/\/www.giteslacombe-perigord.com\/wp-content\/uploads\/2021\/05\/Maison-NEW-1030x687.jpg 1030w, https:\/\/www.giteslacombe-perigord.com\/wp-content\/uploads\/2021\/05\/Maison-NEW-768x512.jpg 768w, https:\/\/www.giteslacombe-perigord.com\/wp-content\/uploads\/2021\/05\/Maison-NEW-705x470.jpg 705w\" sizes=\"(max-width: 1200px) 100vw, 1200px\" \/><\/div><\/li><li  class='avia-slideshow-slide av-kollimi2-0bbafb05bf1eec71be6edd4a05b10e05__7  slide-6 slide-even'><div data-rel='slideshow-1' class='avia-slide-wrap '   ><div class='av-slideshow-caption av-kollimi2-0bbafb05bf1eec71be6edd4a05b10e05__7 avia-caption'><div class=\"avia-inner-caption\"><h2 class='avia-caption-title '  itemprop=\"name\" >Avant<\/h2><\/div><\/div><img decoding=\"async\" fetchpriority=\"high\" class=\"wp-image-6877 avia-img-lazy-loading-not-6877\"  src=\"https:\/\/www.giteslacombe-perigord.com\/wp-content\/uploads\/2021\/05\/Beune-OLD.jpg\" width=\"1200\" height=\"800\" title='Beune-OLD' alt=''  itemprop=\"thumbnailUrl\" srcset=\"https:\/\/www.giteslacombe-perigord.com\/wp-content\/uploads\/2021\/05\/Beune-OLD.jpg 1200w, https:\/\/www.giteslacombe-perigord.com\/wp-content\/uploads\/2021\/05\/Beune-OLD-300x200.jpg 300w, https:\/\/www.giteslacombe-perigord.com\/wp-content\/uploads\/2021\/05\/Beune-OLD-1030x687.jpg 1030w, https:\/\/www.giteslacombe-perigord.com\/wp-content\/uploads\/2021\/05\/Beune-OLD-768x512.jpg 768w, https:\/\/www.giteslacombe-perigord.com\/wp-content\/uploads\/2021\/05\/Beune-OLD-705x470.jpg 705w\" sizes=\"(max-width: 1200px) 100vw, 1200px\" \/><\/div><\/li><li  class='avia-slideshow-slide av-kollimi2-0bbafb05bf1eec71be6edd4a05b10e05__8  slide-7 slide-odd'><div data-rel='slideshow-1' class='avia-slide-wrap '   ><div class='av-slideshow-caption av-kollimi2-0bbafb05bf1eec71be6edd4a05b10e05__8 avia-caption'><div class=\"avia-inner-caption\"><h2 class='avia-caption-title '  itemprop=\"name\" >Apr\u00e8s<\/h2><\/div><\/div><img decoding=\"async\" fetchpriority=\"high\" class=\"wp-image-6895 avia-img-lazy-loading-not-6895\"  src=\"https:\/\/www.giteslacombe-perigord.com\/wp-content\/uploads\/2021\/05\/Beune-NEW.jpg\" width=\"1200\" height=\"800\" title='Beune-NEW' alt=''  itemprop=\"thumbnailUrl\" srcset=\"https:\/\/www.giteslacombe-perigord.com\/wp-content\/uploads\/2021\/05\/Beune-NEW.jpg 1200w, https:\/\/www.giteslacombe-perigord.com\/wp-content\/uploads\/2021\/05\/Beune-NEW-300x200.jpg 300w, https:\/\/www.giteslacombe-perigord.com\/wp-content\/uploads\/2021\/05\/Beune-NEW-1030x687.jpg 1030w, https:\/\/www.giteslacombe-perigord.com\/wp-content\/uploads\/2021\/05\/Beune-NEW-768x512.jpg 768w, https:\/\/www.giteslacombe-perigord.com\/wp-content\/uploads\/2021\/05\/Beune-NEW-705x470.jpg 705w\" sizes=\"(max-width: 1200px) 100vw, 1200px\" \/><\/div><\/li><\/ul><div class='avia-slideshow-arrows avia-slideshow-controls' ><a href='#prev' class='prev-slide ' aria-hidden='true' data-av_icon='\ue87c' data-av_iconfont='entypo-fontello'  tabindex='-1'>Previous<\/a><a href='#next' class='next-slide ' aria-hidden='true' data-av_icon='\ue87d' data-av_iconfont='entypo-fontello'  tabindex='-1'>Next<\/a><\/div><div class='avia-slideshow-dots avia-slideshow-controls'><a href='#1' class='goto-slide active' >1<\/a><a href='#2' class='goto-slide ' >2<\/a><a href='#3' class='goto-slide ' >3<\/a><a href='#4' class='goto-slide ' >4<\/a><a href='#5' class='goto-slide ' >5<\/a><a href='#6' class='goto-slide ' >6<\/a><a href='#7' class='goto-slide ' >7<\/a><\/div><\/div><\/p><\/div>\n<style type=\"text\/css\" data-created_by=\"avia_inline_auto\" id=\"style-css-av-a7dev-82430c5a263fc05a0b2819c60da720d5\">\n.flex_column.av-a7dev-82430c5a263fc05a0b2819c60da720d5{\nborder-radius:0px 0px 0px 0px;\npadding:0px 0px 0px 0px;\n}\n<\/style>\n<div  class='flex_column av-a7dev-82430c5a263fc05a0b2819c60da720d5 av_one_third  avia-builder-el-15  el_after_av_two_third  el_before_av_horizontal_gallery  avia-builder-el-last  flex_column_div av-zero-column-padding  '     ><p>\n<style type=\"text\/css\" data-created_by=\"avia_inline_auto\" id=\"style-css-av-kwvwcw99-9c42f49fd26d313037783d1a447d44bb\">\n.avia-image-container.av-kwvwcw99-9c42f49fd26d313037783d1a447d44bb img.avia_image{\nbox-shadow:none;\n}\n.avia-image-container.av-kwvwcw99-9c42f49fd26d313037783d1a447d44bb .av-image-caption-overlay-center{\ncolor:#ffffff;\n}\n<\/style>\n<div  class='avia-image-container av-kwvwcw99-9c42f49fd26d313037783d1a447d44bb av-styling- avia-align-center  avia-builder-el-16  el_before_av_textblock  avia-builder-el-first '   itemprop=\"image\" itemscope=\"itemscope\" itemtype=\"https:\/\/schema.org\/ImageObject\" ><div class=\"avia-image-container-inner\"><div class=\"avia-image-overlay-wrap\"><img decoding=\"async\" fetchpriority=\"high\" class='wp-image-7737 avia-img-lazy-loading-not-7737 avia_image ' src=\"https:\/\/www.giteslacombe-perigord.com\/wp-content\/uploads\/2021\/12\/audrey-1990.jpg\" alt='' title='audrey-1990'  height=\"311\" width=\"390\"  itemprop=\"thumbnailUrl\" srcset=\"https:\/\/www.giteslacombe-perigord.com\/wp-content\/uploads\/2021\/12\/audrey-1990.jpg 390w, https:\/\/www.giteslacombe-perigord.com\/wp-content\/uploads\/2021\/12\/audrey-1990-300x239.jpg 300w\" sizes=\"(max-width: 390px) 100vw, 390px\" \/><\/div><\/div><\/div><br \/>\n<section  class='av_textblock_section av-kmq7utu9-8693e639043e42b937bc61f4fb15601d '   itemscope=\"itemscope\" itemtype=\"https:\/\/schema.org\/CreativeWork\" ><div class='avia_textblock'  itemprop=\"text\" ><h3><strong>Self-catering holiday Cottages in the Dordogne<\/strong><\/h3>\n<p>We selected groups of houses with a lot of character, beautiful stones and interesting panoramas. Our cottages are located in 3 communes of the P\u00e9rigord Noir: Saint-Cr\u00e9pin Carlucet, Tamni\u00e8s and Proissans. Carefully renovated to enhance their charm, respect the natural environment and offer great amenities, they all have swimming pools. Some lodgings are autonomous and independent, others are grouped together in hamlets with large common areas. Some are nestled in nature, others on the heights with a superb view of the P\u00e9rigord landscapes.<\/p>\n<p>We take care of the management of the lodgings, we welcome holidaymakers, and make sure that they have everything they need. We take care of\u00a0 green spaces, as well as swimming pools. Our vacationers appreciate our availability, as much as their freedom and autonomy, according to their needs. For a family vacation, this is an ideal choice, to be as comfortable as at home. You will enjoy moments of relaxation in our lodgings while enjoying all the major tourist sites, the most beautiful villages and all the nature, cultural and leisure activities of P\u00e9rigord a few minutes away. We hope that you will find the perfect accommodation for your holidays with family or friends with us, and that you will have a wonderful stay in P\u00e9rigord.<\/p>\n<p style=\"text-align: right;\"><em><strong>Famille Lacombe<\/strong><\/em><\/p>\n<\/div><\/section><\/p><\/div>\n<style type=\"text\/css\" data-created_by=\"avia_inline_auto\" id=\"style-css-av-kyltqo8t-1aebdd5f3e2036ff0d35594f2d6bca8f\">\n.av-horizontal-gallery.av-kyltqo8t-1aebdd5f3e2036ff0d35594f2d6bca8f{\npadding:3.75% 0px;;\n}\n.av-horizontal-gallery.av-kyltqo8t-1aebdd5f3e2036ff0d35594f2d6bca8f .av-horizontal-gallery-inner{\npadding-bottom:25%;\n}\n<\/style>\n<div  class='av-horizontal-gallery av-kyltqo8t-1aebdd5f3e2036ff0d35594f2d6bca8f av-horizontal-gallery-large-gap av-horizontal-gallery-enlarge-effect  avia-builder-el-18  el_after_av_one_third  avia-builder-el-last  av-slideshow-ui av-control-default av-slideshow-manual av-loop-once av-loop-manual-endless av-horizontal-gallery-1' data-slideshow-data=\"{&quot;enlarge&quot;:1.3,&quot;animation&quot;:&quot;slide&quot;,&quot;autoplay&quot;:false,&quot;loop_autoplay&quot;:&quot;once&quot;,&quot;interval&quot;:5,&quot;loop_manual&quot;:&quot;manual-endless&quot;,&quot;autoplay_stopper&quot;:false,&quot;noNavigation&quot;:false,&quot;bg_slider&quot;:false,&quot;keep_padding&quot;:&quot;&quot;,&quot;hoverpause&quot;:false,&quot;show_slide_delay&quot;:0}\"  itemprop=\"image\" itemscope=\"itemscope\" itemtype=\"https:\/\/schema.org\/ImageObject\" ><div class='avia-slideshow-arrows avia-slideshow-controls' ><a href='#prev' class='prev-slide av-horizontal-gallery-prev' aria-hidden='true' data-av_icon='\ue87c' data-av_iconfont='entypo-fontello'  tabindex='-1'>Previous<\/a><a href='#next' class='next-slide av-horizontal-gallery-next' aria-hidden='true' data-av_icon='\ue87d' data-av_iconfont='entypo-fontello'  tabindex='-1'>Next<\/a><\/div><div class='avia-slideshow-dots avia-slideshow-controls av-horizontal-gallery-dots fade-in'><a href='#1' class='goto-slide active' >1<\/a><a href='#2' class='goto-slide ' >2<\/a><a href='#3' class='goto-slide ' >3<\/a><a href='#4' class='goto-slide ' >4<\/a><a href='#5' class='goto-slide ' >5<\/a><\/div><div class='av-horizontal-gallery-inner' data-av-height='25'><div class=\"av-horizontal-gallery-slider\"><div class=\"av-horizontal-gallery-wrap noHover\"><img decoding=\"async\" fetchpriority=\"high\" class='wp-image-8309 avia-img-lazy-loading-not-8309 av-horizontal-gallery-img' width=\"800\" height=\"800\" src=\"https:\/\/www.giteslacombe-perigord.com\/wp-content\/uploads\/2022\/01\/famille-lacombe-OLD.jpg\" title='famille-lacombe-OLD' alt='' srcset=\"https:\/\/www.giteslacombe-perigord.com\/wp-content\/uploads\/2022\/01\/famille-lacombe-OLD.jpg 800w, https:\/\/www.giteslacombe-perigord.com\/wp-content\/uploads\/2022\/01\/famille-lacombe-OLD-300x300.jpg 300w, https:\/\/www.giteslacombe-perigord.com\/wp-content\/uploads\/2022\/01\/famille-lacombe-OLD-80x80.jpg 80w, https:\/\/www.giteslacombe-perigord.com\/wp-content\/uploads\/2022\/01\/famille-lacombe-OLD-768x768.jpg 768w, https:\/\/www.giteslacombe-perigord.com\/wp-content\/uploads\/2022\/01\/famille-lacombe-OLD-36x36.jpg 36w, https:\/\/www.giteslacombe-perigord.com\/wp-content\/uploads\/2022\/01\/famille-lacombe-OLD-180x180.jpg 180w, https:\/\/www.giteslacombe-perigord.com\/wp-content\/uploads\/2022\/01\/famille-lacombe-OLD-705x705.jpg 705w\" sizes=\"(max-width: 800px) 100vw, 800px\" \/><a href=\"https:\/\/www.giteslacombe-perigord.com\/wp-content\/uploads\/2022\/01\/famille-lacombe-OLD.jpg\" data-srcset=\"https:\/\/www.giteslacombe-perigord.com\/wp-content\/uploads\/2022\/01\/famille-lacombe-OLD.jpg 800w, https:\/\/www.giteslacombe-perigord.com\/wp-content\/uploads\/2022\/01\/famille-lacombe-OLD-300x300.jpg 300w, https:\/\/www.giteslacombe-perigord.com\/wp-content\/uploads\/2022\/01\/famille-lacombe-OLD-80x80.jpg 80w, https:\/\/www.giteslacombe-perigord.com\/wp-content\/uploads\/2022\/01\/famille-lacombe-OLD-768x768.jpg 768w, https:\/\/www.giteslacombe-perigord.com\/wp-content\/uploads\/2022\/01\/famille-lacombe-OLD-36x36.jpg 36w, https:\/\/www.giteslacombe-perigord.com\/wp-content\/uploads\/2022\/01\/famille-lacombe-OLD-180x180.jpg 180w, https:\/\/www.giteslacombe-perigord.com\/wp-content\/uploads\/2022\/01\/famille-lacombe-OLD-705x705.jpg 705w\" data-sizes=\"(max-width: 800px) 100vw, 800px\" class='av-horizontal-gallery-link' aria-hidden='true' data-av_icon='\ue869' data-av_iconfont='entypo-fontello' title='famille-lacombe-OLD' alt=''><\/a><\/div><div class=\"av-horizontal-gallery-wrap noHover\"><img decoding=\"async\" fetchpriority=\"high\" class='wp-image-8328 avia-img-lazy-loading-not-8328 av-horizontal-gallery-img' width=\"1030\" height=\"579\" src=\"https:\/\/www.giteslacombe-perigord.com\/wp-content\/uploads\/2022\/01\/bousquies--1030x579.jpg\" title='bousquies' alt='' srcset=\"https:\/\/www.giteslacombe-perigord.com\/wp-content\/uploads\/2022\/01\/bousquies--1030x579.jpg 1030w, https:\/\/www.giteslacombe-perigord.com\/wp-content\/uploads\/2022\/01\/bousquies--300x169.jpg 300w, https:\/\/www.giteslacombe-perigord.com\/wp-content\/uploads\/2022\/01\/bousquies--768x432.jpg 768w, https:\/\/www.giteslacombe-perigord.com\/wp-content\/uploads\/2022\/01\/bousquies--1536x864.jpg 1536w, https:\/\/www.giteslacombe-perigord.com\/wp-content\/uploads\/2022\/01\/bousquies--2048x1151.jpg 2048w, https:\/\/www.giteslacombe-perigord.com\/wp-content\/uploads\/2022\/01\/bousquies--1500x843.jpg 1500w, https:\/\/www.giteslacombe-perigord.com\/wp-content\/uploads\/2022\/01\/bousquies--705x396.jpg 705w\" sizes=\"(max-width: 1030px) 100vw, 1030px\" \/><a href=\"https:\/\/www.giteslacombe-perigord.com\/wp-content\/uploads\/2022\/01\/bousquies--1030x579.jpg\" data-srcset=\"https:\/\/www.giteslacombe-perigord.com\/wp-content\/uploads\/2022\/01\/bousquies--1030x579.jpg 1030w, https:\/\/www.giteslacombe-perigord.com\/wp-content\/uploads\/2022\/01\/bousquies--300x169.jpg 300w, https:\/\/www.giteslacombe-perigord.com\/wp-content\/uploads\/2022\/01\/bousquies--768x432.jpg 768w, https:\/\/www.giteslacombe-perigord.com\/wp-content\/uploads\/2022\/01\/bousquies--1536x864.jpg 1536w, https:\/\/www.giteslacombe-perigord.com\/wp-content\/uploads\/2022\/01\/bousquies--2048x1151.jpg 2048w, https:\/\/www.giteslacombe-perigord.com\/wp-content\/uploads\/2022\/01\/bousquies--1500x843.jpg 1500w, https:\/\/www.giteslacombe-perigord.com\/wp-content\/uploads\/2022\/01\/bousquies--705x396.jpg 705w\" data-sizes=\"(max-width: 1030px) 100vw, 1030px\" class='av-horizontal-gallery-link' aria-hidden='true' data-av_icon='\ue869' data-av_iconfont='entypo-fontello' title='bousquies' alt=''><\/a><\/div><div class=\"av-horizontal-gallery-wrap noHover\"><img decoding=\"async\" fetchpriority=\"high\" class='wp-image-8307 avia-img-lazy-loading-not-8307 av-horizontal-gallery-img' width=\"828\" height=\"828\" src=\"https:\/\/www.giteslacombe-perigord.com\/wp-content\/uploads\/2022\/01\/20200406_074538-1.jpg\" title='20200406_074538' alt='' srcset=\"https:\/\/www.giteslacombe-perigord.com\/wp-content\/uploads\/2022\/01\/20200406_074538-1.jpg 828w, https:\/\/www.giteslacombe-perigord.com\/wp-content\/uploads\/2022\/01\/20200406_074538-1-300x300.jpg 300w, https:\/\/www.giteslacombe-perigord.com\/wp-content\/uploads\/2022\/01\/20200406_074538-1-80x80.jpg 80w, https:\/\/www.giteslacombe-perigord.com\/wp-content\/uploads\/2022\/01\/20200406_074538-1-768x768.jpg 768w, https:\/\/www.giteslacombe-perigord.com\/wp-content\/uploads\/2022\/01\/20200406_074538-1-36x36.jpg 36w, https:\/\/www.giteslacombe-perigord.com\/wp-content\/uploads\/2022\/01\/20200406_074538-1-180x180.jpg 180w, https:\/\/www.giteslacombe-perigord.com\/wp-content\/uploads\/2022\/01\/20200406_074538-1-705x705.jpg 705w\" sizes=\"(max-width: 828px) 100vw, 828px\" \/><a href=\"https:\/\/www.giteslacombe-perigord.com\/wp-content\/uploads\/2022\/01\/20200406_074538-1.jpg\" data-srcset=\"https:\/\/www.giteslacombe-perigord.com\/wp-content\/uploads\/2022\/01\/20200406_074538-1.jpg 828w, https:\/\/www.giteslacombe-perigord.com\/wp-content\/uploads\/2022\/01\/20200406_074538-1-300x300.jpg 300w, https:\/\/www.giteslacombe-perigord.com\/wp-content\/uploads\/2022\/01\/20200406_074538-1-80x80.jpg 80w, https:\/\/www.giteslacombe-perigord.com\/wp-content\/uploads\/2022\/01\/20200406_074538-1-768x768.jpg 768w, https:\/\/www.giteslacombe-perigord.com\/wp-content\/uploads\/2022\/01\/20200406_074538-1-36x36.jpg 36w, https:\/\/www.giteslacombe-perigord.com\/wp-content\/uploads\/2022\/01\/20200406_074538-1-180x180.jpg 180w, https:\/\/www.giteslacombe-perigord.com\/wp-content\/uploads\/2022\/01\/20200406_074538-1-705x705.jpg 705w\" data-sizes=\"(max-width: 828px) 100vw, 828px\" class='av-horizontal-gallery-link' aria-hidden='true' data-av_icon='\ue869' data-av_iconfont='entypo-fontello' title='20200406_074538' alt=''><\/a><\/div><div class=\"av-horizontal-gallery-wrap noHover\"><img decoding=\"async\" fetchpriority=\"high\" class='wp-image-8063 avia-img-lazy-loading-not-8063 av-horizontal-gallery-img' width=\"829\" height=\"829\" src=\"https:\/\/www.giteslacombe-perigord.com\/wp-content\/uploads\/2022\/01\/20190930_141617.jpg\" title='20190930_141617' alt='' srcset=\"https:\/\/www.giteslacombe-perigord.com\/wp-content\/uploads\/2022\/01\/20190930_141617.jpg 829w, https:\/\/www.giteslacombe-perigord.com\/wp-content\/uploads\/2022\/01\/20190930_141617-300x300.jpg 300w, https:\/\/www.giteslacombe-perigord.com\/wp-content\/uploads\/2022\/01\/20190930_141617-80x80.jpg 80w, https:\/\/www.giteslacombe-perigord.com\/wp-content\/uploads\/2022\/01\/20190930_141617-768x768.jpg 768w, https:\/\/www.giteslacombe-perigord.com\/wp-content\/uploads\/2022\/01\/20190930_141617-36x36.jpg 36w, https:\/\/www.giteslacombe-perigord.com\/wp-content\/uploads\/2022\/01\/20190930_141617-180x180.jpg 180w, https:\/\/www.giteslacombe-perigord.com\/wp-content\/uploads\/2022\/01\/20190930_141617-705x705.jpg 705w\" sizes=\"(max-width: 829px) 100vw, 829px\" \/><a href=\"https:\/\/www.giteslacombe-perigord.com\/wp-content\/uploads\/2022\/01\/20190930_141617.jpg\" data-srcset=\"https:\/\/www.giteslacombe-perigord.com\/wp-content\/uploads\/2022\/01\/20190930_141617.jpg 829w, https:\/\/www.giteslacombe-perigord.com\/wp-content\/uploads\/2022\/01\/20190930_141617-300x300.jpg 300w, https:\/\/www.giteslacombe-perigord.com\/wp-content\/uploads\/2022\/01\/20190930_141617-80x80.jpg 80w, https:\/\/www.giteslacombe-perigord.com\/wp-content\/uploads\/2022\/01\/20190930_141617-768x768.jpg 768w, https:\/\/www.giteslacombe-perigord.com\/wp-content\/uploads\/2022\/01\/20190930_141617-36x36.jpg 36w, https:\/\/www.giteslacombe-perigord.com\/wp-content\/uploads\/2022\/01\/20190930_141617-180x180.jpg 180w, https:\/\/www.giteslacombe-perigord.com\/wp-content\/uploads\/2022\/01\/20190930_141617-705x705.jpg 705w\" data-sizes=\"(max-width: 829px) 100vw, 829px\" class='av-horizontal-gallery-link' aria-hidden='true' data-av_icon='\ue869' data-av_iconfont='entypo-fontello' title='20190930_141617' alt=''><\/a><\/div><div class=\"av-horizontal-gallery-wrap noHover\"><img decoding=\"async\" fetchpriority=\"high\" class='wp-image-8330 avia-img-lazy-loading-not-8330 av-horizontal-gallery-img' width=\"1030\" height=\"611\" src=\"https:\/\/www.giteslacombe-perigord.com\/wp-content\/uploads\/2022\/01\/roue-ancienne--1030x611.jpg\" title='roue ancienne' alt='' srcset=\"https:\/\/www.giteslacombe-perigord.com\/wp-content\/uploads\/2022\/01\/roue-ancienne--1030x611.jpg 1030w, https:\/\/www.giteslacombe-perigord.com\/wp-content\/uploads\/2022\/01\/roue-ancienne--300x178.jpg 300w, https:\/\/www.giteslacombe-perigord.com\/wp-content\/uploads\/2022\/01\/roue-ancienne--768x456.jpg 768w, https:\/\/www.giteslacombe-perigord.com\/wp-content\/uploads\/2022\/01\/roue-ancienne--1536x911.jpg 1536w, https:\/\/www.giteslacombe-perigord.com\/wp-content\/uploads\/2022\/01\/roue-ancienne--2048x1215.jpg 2048w, https:\/\/www.giteslacombe-perigord.com\/wp-content\/uploads\/2022\/01\/roue-ancienne--1500x890.jpg 1500w, https:\/\/www.giteslacombe-perigord.com\/wp-content\/uploads\/2022\/01\/roue-ancienne--705x418.jpg 705w\" sizes=\"(max-width: 1030px) 100vw, 1030px\" \/><a href=\"https:\/\/www.giteslacombe-perigord.com\/wp-content\/uploads\/2022\/01\/roue-ancienne--1030x611.jpg\" data-srcset=\"https:\/\/www.giteslacombe-perigord.com\/wp-content\/uploads\/2022\/01\/roue-ancienne--1030x611.jpg 1030w, https:\/\/www.giteslacombe-perigord.com\/wp-content\/uploads\/2022\/01\/roue-ancienne--300x178.jpg 300w, https:\/\/www.giteslacombe-perigord.com\/wp-content\/uploads\/2022\/01\/roue-ancienne--768x456.jpg 768w, https:\/\/www.giteslacombe-perigord.com\/wp-content\/uploads\/2022\/01\/roue-ancienne--1536x911.jpg 1536w, https:\/\/www.giteslacombe-perigord.com\/wp-content\/uploads\/2022\/01\/roue-ancienne--2048x1215.jpg 2048w, https:\/\/www.giteslacombe-perigord.com\/wp-content\/uploads\/2022\/01\/roue-ancienne--1500x890.jpg 1500w, https:\/\/www.giteslacombe-perigord.com\/wp-content\/uploads\/2022\/01\/roue-ancienne--705x418.jpg 705w\" data-sizes=\"(max-width: 1030px) 100vw, 1030px\" class='av-horizontal-gallery-link' aria-hidden='true' data-av_icon='\ue869' data-av_iconfont='entypo-fontello' title='roue ancienne' alt=''><\/a><\/div><\/div><\/div><\/div>\n<\/div><\/div><\/div><!-- close content main div --><\/div><\/div><div id='after_section_3'  class='main_color av_default_container_wrap container_wrap sidebar_right'  ><div class='container av-section-cont-open' ><div class='template-page content  av-content-small alpha units'><div class='post-entry post-entry-type-page post-entry-7808'><div class='entry-content-wrapper clearfix'>\n","protected":false},"excerpt":{"rendered":"","protected":false},"author":1,"featured_media":0,"parent":0,"menu_order":0,"comment_status":"closed","ping_status":"closed","template":"","meta":{"footnotes":""},"class_list":["post-7808","page","type-page","status-publish","hentry"],"yoast_head":"<!-- This site is optimized with the Yoast SEO plugin v27.3 - https:\/\/yoast.com\/product\/yoast-seo-wordpress\/ -->\n<title>Our Story - G\u00eetes Lacombe en Dordogne P\u00e9rigord \u2013 G\u00eetes de charme en Dordogne P\u00e9rigord<\/title>\n<meta name=\"robots\" content=\"index, follow, max-snippet:-1, max-image-preview:large, max-video-preview:-1\" \/>\n<link rel=\"canonical\" href=\"https:\/\/www.giteslacombe-perigord.com\/en\/our-history\/\" \/>\n<meta property=\"og:locale\" content=\"en_US\" \/>\n<meta property=\"og:type\" content=\"article\" \/>\n<meta property=\"og:title\" content=\"Our Story - G\u00eetes Lacombe en Dordogne P\u00e9rigord \u2013 G\u00eetes de charme en Dordogne P\u00e9rigord\" \/>\n<meta property=\"og:url\" content=\"https:\/\/www.giteslacombe-perigord.com\/en\/our-history\/\" \/>\n<meta property=\"og:site_name\" content=\"G\u00eetes Lacombe en Dordogne P\u00e9rigord \u2013 G\u00eetes de charme en Dordogne P\u00e9rigord\" \/>\n<meta property=\"article:modified_time\" content=\"2022-06-17T13:09:34+00:00\" \/>\n<meta property=\"og:image\" content=\"https:\/\/www.giteslacombe-perigord.com\/wp-content\/uploads\/2022\/06\/DSC_3153-2-300x172.jpg\" \/>\n<meta name=\"twitter:card\" content=\"summary_large_image\" \/>\n<meta name=\"twitter:label1\" content=\"Est. reading time\" \/>\n\t<meta name=\"twitter:data1\" content=\"7 minutes\" \/>\n<script type=\"application\/ld+json\" class=\"yoast-schema-graph\">{\"@context\":\"https:\\\/\\\/schema.org\",\"@graph\":[{\"@type\":\"WebPage\",\"@id\":\"https:\\\/\\\/www.giteslacombe-perigord.com\\\/en\\\/our-history\\\/\",\"url\":\"https:\\\/\\\/www.giteslacombe-perigord.com\\\/en\\\/our-history\\\/\",\"name\":\"Our Story - G\u00eetes Lacombe en Dordogne P\u00e9rigord \u2013 G\u00eetes de charme en Dordogne P\u00e9rigord\",\"isPartOf\":{\"@id\":\"https:\\\/\\\/www.giteslacombe-perigord.com\\\/#website\"},\"primaryImageOfPage\":{\"@id\":\"https:\\\/\\\/www.giteslacombe-perigord.com\\\/en\\\/our-history\\\/#primaryimage\"},\"image\":{\"@id\":\"https:\\\/\\\/www.giteslacombe-perigord.com\\\/en\\\/our-history\\\/#primaryimage\"},\"thumbnailUrl\":\"https:\\\/\\\/www.giteslacombe-perigord.com\\\/wp-content\\\/uploads\\\/2022\\\/06\\\/DSC_3153-2-300x172.jpg\",\"datePublished\":\"2021-05-12T14:31:46+00:00\",\"dateModified\":\"2022-06-17T13:09:34+00:00\",\"breadcrumb\":{\"@id\":\"https:\\\/\\\/www.giteslacombe-perigord.com\\\/en\\\/our-history\\\/#breadcrumb\"},\"inLanguage\":\"en-US\",\"potentialAction\":[{\"@type\":\"ReadAction\",\"target\":[\"https:\\\/\\\/www.giteslacombe-perigord.com\\\/en\\\/our-history\\\/\"]}]},{\"@type\":\"ImageObject\",\"inLanguage\":\"en-US\",\"@id\":\"https:\\\/\\\/www.giteslacombe-perigord.com\\\/en\\\/our-history\\\/#primaryimage\",\"url\":\"https:\\\/\\\/www.giteslacombe-perigord.com\\\/wp-content\\\/uploads\\\/2022\\\/06\\\/DSC_3153-2-300x172.jpg\",\"contentUrl\":\"https:\\\/\\\/www.giteslacombe-perigord.com\\\/wp-content\\\/uploads\\\/2022\\\/06\\\/DSC_3153-2-300x172.jpg\"},{\"@type\":\"BreadcrumbList\",\"@id\":\"https:\\\/\\\/www.giteslacombe-perigord.com\\\/en\\\/our-history\\\/#breadcrumb\",\"itemListElement\":[{\"@type\":\"ListItem\",\"position\":1,\"name\":\"Accueil\",\"item\":\"https:\\\/\\\/www.giteslacombe-perigord.com\\\/en\\\/\"},{\"@type\":\"ListItem\",\"position\":2,\"name\":\"Our Story\"}]},{\"@type\":\"WebSite\",\"@id\":\"https:\\\/\\\/www.giteslacombe-perigord.com\\\/#website\",\"url\":\"https:\\\/\\\/www.giteslacombe-perigord.com\\\/\",\"name\":\"G\u00eetes Lacombe en Dordogne P\u00e9rigord \u2013 G\u00eetes de charme en Dordogne P\u00e9rigord\",\"description\":\"Location de vacances en Dordogne P\u00e9rigord\",\"publisher\":{\"@id\":\"https:\\\/\\\/www.giteslacombe-perigord.com\\\/#organization\"},\"potentialAction\":[{\"@type\":\"SearchAction\",\"target\":{\"@type\":\"EntryPoint\",\"urlTemplate\":\"https:\\\/\\\/www.giteslacombe-perigord.com\\\/?s={search_term_string}\"},\"query-input\":{\"@type\":\"PropertyValueSpecification\",\"valueRequired\":true,\"valueName\":\"search_term_string\"}}],\"inLanguage\":\"en-US\"},{\"@type\":\"Organization\",\"@id\":\"https:\\\/\\\/www.giteslacombe-perigord.com\\\/#organization\",\"name\":\"G\u00eetes Lacombe - Dordogne P\u00e9rigord\",\"url\":\"https:\\\/\\\/www.giteslacombe-perigord.com\\\/\",\"logo\":{\"@type\":\"ImageObject\",\"inLanguage\":\"en-US\",\"@id\":\"https:\\\/\\\/www.giteslacombe-perigord.com\\\/#\\\/schema\\\/logo\\\/image\\\/\",\"url\":\"https:\\\/\\\/www.giteslacombe-perigord.com\\\/wp-content\\\/uploads\\\/2021\\\/09\\\/logo-lacombe-2021-CARRE-330px.png\",\"contentUrl\":\"https:\\\/\\\/www.giteslacombe-perigord.com\\\/wp-content\\\/uploads\\\/2021\\\/09\\\/logo-lacombe-2021-CARRE-330px.png\",\"width\":330,\"height\":206,\"caption\":\"G\u00eetes Lacombe - Dordogne P\u00e9rigord\"},\"image\":{\"@id\":\"https:\\\/\\\/www.giteslacombe-perigord.com\\\/#\\\/schema\\\/logo\\\/image\\\/\"}}]}<\/script>\n<!-- \/ Yoast SEO plugin. -->","yoast_head_json":{"title":"Our Story - G\u00eetes Lacombe en Dordogne P\u00e9rigord \u2013 G\u00eetes de charme en Dordogne P\u00e9rigord","robots":{"index":"index","follow":"follow","max-snippet":"max-snippet:-1","max-image-preview":"max-image-preview:large","max-video-preview":"max-video-preview:-1"},"canonical":"https:\/\/www.giteslacombe-perigord.com\/en\/our-history\/","og_locale":"en_US","og_type":"article","og_title":"Our Story - G\u00eetes Lacombe en Dordogne P\u00e9rigord \u2013 G\u00eetes de charme en Dordogne P\u00e9rigord","og_url":"https:\/\/www.giteslacombe-perigord.com\/en\/our-history\/","og_site_name":"G\u00eetes Lacombe en Dordogne P\u00e9rigord \u2013 G\u00eetes de charme en Dordogne P\u00e9rigord","article_modified_time":"2022-06-17T13:09:34+00:00","og_image":[{"url":"https:\/\/www.giteslacombe-perigord.com\/wp-content\/uploads\/2022\/06\/DSC_3153-2-300x172.jpg","type":"","width":"","height":""}],"twitter_card":"summary_large_image","twitter_misc":{"Est. reading time":"7 minutes"},"schema":{"@context":"https:\/\/schema.org","@graph":[{"@type":"WebPage","@id":"https:\/\/www.giteslacombe-perigord.com\/en\/our-history\/","url":"https:\/\/www.giteslacombe-perigord.com\/en\/our-history\/","name":"Our Story - G\u00eetes Lacombe en Dordogne P\u00e9rigord \u2013 G\u00eetes de charme en Dordogne P\u00e9rigord","isPartOf":{"@id":"https:\/\/www.giteslacombe-perigord.com\/#website"},"primaryImageOfPage":{"@id":"https:\/\/www.giteslacombe-perigord.com\/en\/our-history\/#primaryimage"},"image":{"@id":"https:\/\/www.giteslacombe-perigord.com\/en\/our-history\/#primaryimage"},"thumbnailUrl":"https:\/\/www.giteslacombe-perigord.com\/wp-content\/uploads\/2022\/06\/DSC_3153-2-300x172.jpg","datePublished":"2021-05-12T14:31:46+00:00","dateModified":"2022-06-17T13:09:34+00:00","breadcrumb":{"@id":"https:\/\/www.giteslacombe-perigord.com\/en\/our-history\/#breadcrumb"},"inLanguage":"en-US","potentialAction":[{"@type":"ReadAction","target":["https:\/\/www.giteslacombe-perigord.com\/en\/our-history\/"]}]},{"@type":"ImageObject","inLanguage":"en-US","@id":"https:\/\/www.giteslacombe-perigord.com\/en\/our-history\/#primaryimage","url":"https:\/\/www.giteslacombe-perigord.com\/wp-content\/uploads\/2022\/06\/DSC_3153-2-300x172.jpg","contentUrl":"https:\/\/www.giteslacombe-perigord.com\/wp-content\/uploads\/2022\/06\/DSC_3153-2-300x172.jpg"},{"@type":"BreadcrumbList","@id":"https:\/\/www.giteslacombe-perigord.com\/en\/our-history\/#breadcrumb","itemListElement":[{"@type":"ListItem","position":1,"name":"Accueil","item":"https:\/\/www.giteslacombe-perigord.com\/en\/"},{"@type":"ListItem","position":2,"name":"Our Story"}]},{"@type":"WebSite","@id":"https:\/\/www.giteslacombe-perigord.com\/#website","url":"https:\/\/www.giteslacombe-perigord.com\/","name":"G\u00eetes Lacombe en Dordogne P\u00e9rigord \u2013 G\u00eetes de charme en Dordogne P\u00e9rigord","description":"Location de vacances en Dordogne P\u00e9rigord","publisher":{"@id":"https:\/\/www.giteslacombe-perigord.com\/#organization"},"potentialAction":[{"@type":"SearchAction","target":{"@type":"EntryPoint","urlTemplate":"https:\/\/www.giteslacombe-perigord.com\/?s={search_term_string}"},"query-input":{"@type":"PropertyValueSpecification","valueRequired":true,"valueName":"search_term_string"}}],"inLanguage":"en-US"},{"@type":"Organization","@id":"https:\/\/www.giteslacombe-perigord.com\/#organization","name":"G\u00eetes Lacombe - Dordogne P\u00e9rigord","url":"https:\/\/www.giteslacombe-perigord.com\/","logo":{"@type":"ImageObject","inLanguage":"en-US","@id":"https:\/\/www.giteslacombe-perigord.com\/#\/schema\/logo\/image\/","url":"https:\/\/www.giteslacombe-perigord.com\/wp-content\/uploads\/2021\/09\/logo-lacombe-2021-CARRE-330px.png","contentUrl":"https:\/\/www.giteslacombe-perigord.com\/wp-content\/uploads\/2021\/09\/logo-lacombe-2021-CARRE-330px.png","width":330,"height":206,"caption":"G\u00eetes Lacombe - Dordogne P\u00e9rigord"},"image":{"@id":"https:\/\/www.giteslacombe-perigord.com\/#\/schema\/logo\/image\/"}}]}},"_links":{"self":[{"href":"https:\/\/www.giteslacombe-perigord.com\/en\/wp-json\/wp\/v2\/pages\/7808","targetHints":{"allow":["GET"]}}],"collection":[{"href":"https:\/\/www.giteslacombe-perigord.com\/en\/wp-json\/wp\/v2\/pages"}],"about":[{"href":"https:\/\/www.giteslacombe-perigord.com\/en\/wp-json\/wp\/v2\/types\/page"}],"author":[{"embeddable":true,"href":"https:\/\/www.giteslacombe-perigord.com\/en\/wp-json\/wp\/v2\/users\/1"}],"replies":[{"embeddable":true,"href":"https:\/\/www.giteslacombe-perigord.com\/en\/wp-json\/wp\/v2\/comments?post=7808"}],"version-history":[{"count":0,"href":"https:\/\/www.giteslacombe-perigord.com\/en\/wp-json\/wp\/v2\/pages\/7808\/revisions"}],"wp:attachment":[{"href":"https:\/\/www.giteslacombe-perigord.com\/en\/wp-json\/wp\/v2\/media?parent=7808"}],"curies":[{"name":"wp","href":"https:\/\/api.w.org\/{rel}","templated":true}]}}