{"id":7835,"date":"2021-05-12T17:49:30","date_gmt":"2021-05-12T15:49:30","guid":{"rendered":"http:\/\/www.giteslacombe-perigord.com\/sarlat-tourisme\/"},"modified":"2022-01-27T17:20:11","modified_gmt":"2022-01-27T16:20:11","slug":"visit-sarlat-the-medieval-city-of-black-perigord","status":"publish","type":"page","link":"https:\/\/www.giteslacombe-perigord.com\/en\/visit-sarlat-the-medieval-city-of-black-perigord\/","title":{"rendered":"Visit Sarlat, the medieval city of Black Perigord"},"content":{"rendered":"\n<style type=\"text\/css\" data-created_by=\"avia_inline_auto\" id=\"style-css-av-kmq7r4iq-a1d033dc7a0abc75d3fc8b906c5200e3\">\n.avia-section.av-kmq7r4iq-a1d033dc7a0abc75d3fc8b906c5200e3{\nbackground-repeat:no-repeat;\nbackground-image:url(https:\/\/www.giteslacombe-perigord.com\/wp-content\/uploads\/2021\/12\/bandeau-alentours.jpg);\nbackground-position:50% 50%;\nbackground-attachment:scroll;\n}\n<\/style>\n<div id='av_section_1'  class='avia-section av-kmq7r4iq-a1d033dc7a0abc75d3fc8b906c5200e3 main_color avia-section-no-padding avia-no-border-styling  avia-builder-el-0  el_before_av_section  avia-builder-el-first  av-small-hide av-mini-hide avia-full-stretch avia-bg-style-scroll av-minimum-height av-minimum-height-custom av-height-custom  container_wrap sidebar_right'  data-section-bg-repeat='stretch' data-av_minimum_height_px='300'><div class='container av-section-cont-open' style='height:300px'><main  role=\"main\" itemprop=\"mainContentOfPage\"  class='template-page content  av-content-small alpha units'><div class='post-entry post-entry-type-page post-entry-7835'><div class='entry-content-wrapper clearfix'>\n\n<style type=\"text\/css\" data-created_by=\"avia_inline_auto\" id=\"style-css-av-av_heading-d69382424a642fc0eec39458dd00ed0f\">\n#top .av-special-heading.av-av_heading-d69382424a642fc0eec39458dd00ed0f{\npadding-bottom:0;\ncolor:#ffffff;\nfont-size:38px;\n}\nbody .av-special-heading.av-av_heading-d69382424a642fc0eec39458dd00ed0f .av-special-heading-tag .heading-char{\nfont-size:25px;\n}\n#top #wrap_all .av-special-heading.av-av_heading-d69382424a642fc0eec39458dd00ed0f .av-special-heading-tag{\nfont-size:38px;\n}\n.av-special-heading.av-av_heading-d69382424a642fc0eec39458dd00ed0f .special-heading-inner-border{\nborder-color:#ffffff;\n}\n.av-special-heading.av-av_heading-d69382424a642fc0eec39458dd00ed0f .av-subheading{\nfont-size:22px;\n}\n\n@media only screen and (min-width: 480px) and (max-width: 767px){ \n#top #wrap_all .av-special-heading.av-av_heading-d69382424a642fc0eec39458dd00ed0f .av-special-heading-tag{\nfont-size:0.8em;\n}\n}\n\n@media only screen and (max-width: 479px){ \n#top #wrap_all .av-special-heading.av-av_heading-d69382424a642fc0eec39458dd00ed0f .av-special-heading-tag{\nfont-size:0.8em;\n}\n}\n<\/style>\n<div  class='av-special-heading av-av_heading-d69382424a642fc0eec39458dd00ed0f av-special-heading-h2 custom-color-heading blockquote modern-quote  avia-builder-el-1  el_before_av_textblock  avia-builder-el-first  av-inherit-size'><h2 class='av-special-heading-tag '  itemprop=\"headline\"  > G\u00eetes Lacombe<\/h2><div class=\"special-heading-border\"><div class=\"special-heading-inner-border\"><\/div><\/div><\/div>\n\n<style type=\"text\/css\" data-created_by=\"avia_inline_auto\" id=\"style-css-av-kmuknqzf-ebe4e9557316f973d780c730c6b846ac\">\n#top .av_textblock_section.av-kmuknqzf-ebe4e9557316f973d780c730c6b846ac .avia_textblock{\nfont-size:18px;\ncolor:#ffffff;\n}\n<\/style>\n<section  class='av_textblock_section av-kmuknqzf-ebe4e9557316f973d780c730c6b846ac '   itemscope=\"itemscope\" itemtype=\"https:\/\/schema.org\/CreativeWork\" ><div class='avia_textblock av_inherit_color'  itemprop=\"text\" ><p><em>Charming cottages for rent in Dordogne Perigord<\/em><\/p>\n<\/div><\/section>\n\n<\/div><\/div><\/main><!-- close content main element --><\/div><\/div>\n<style type=\"text\/css\" data-created_by=\"avia_inline_auto\" id=\"style-css-av-kmq7r4iq-7535f1a619eb1d2ff6a0b76391f6fba5\">\n.avia-section.av-kmq7r4iq-7535f1a619eb1d2ff6a0b76391f6fba5{\nbackground-repeat:no-repeat;\nbackground-image:url(https:\/\/www.giteslacombe-perigord.com\/wp-content\/uploads\/2021\/12\/bandeau-alentours.jpg);\nbackground-position:50% 50%;\nbackground-attachment:scroll;\n}\n<\/style>\n<div id='av_section_2'  class='avia-section av-kmq7r4iq-7535f1a619eb1d2ff6a0b76391f6fba5 main_color avia-section-no-padding avia-no-border-styling  avia-builder-el-3  el_after_av_section  el_before_av_section  av-desktop-hide av-medium-hide avia-full-stretch avia-bg-style-scroll av-minimum-height av-minimum-height-custom av-height-custom  container_wrap sidebar_right'  data-section-bg-repeat='stretch' data-av_minimum_height_px='150'><div class='container av-section-cont-open' style='height:150px'><div class='template-page content  av-content-small alpha units'><div class='post-entry post-entry-type-page post-entry-7835'><div class='entry-content-wrapper clearfix'>\n\n<style type=\"text\/css\" data-created_by=\"avia_inline_auto\" id=\"style-css-av-av_heading-d69382424a642fc0eec39458dd00ed0f\">\n#top .av-special-heading.av-av_heading-d69382424a642fc0eec39458dd00ed0f{\npadding-bottom:0;\ncolor:#ffffff;\nfont-size:38px;\n}\nbody .av-special-heading.av-av_heading-d69382424a642fc0eec39458dd00ed0f .av-special-heading-tag .heading-char{\nfont-size:25px;\n}\n#top #wrap_all .av-special-heading.av-av_heading-d69382424a642fc0eec39458dd00ed0f .av-special-heading-tag{\nfont-size:38px;\n}\n.av-special-heading.av-av_heading-d69382424a642fc0eec39458dd00ed0f .special-heading-inner-border{\nborder-color:#ffffff;\n}\n.av-special-heading.av-av_heading-d69382424a642fc0eec39458dd00ed0f .av-subheading{\nfont-size:22px;\n}\n\n@media only screen and (min-width: 480px) and (max-width: 767px){ \n#top #wrap_all .av-special-heading.av-av_heading-d69382424a642fc0eec39458dd00ed0f .av-special-heading-tag{\nfont-size:0.8em;\n}\n}\n\n@media only screen and (max-width: 479px){ \n#top #wrap_all .av-special-heading.av-av_heading-d69382424a642fc0eec39458dd00ed0f .av-special-heading-tag{\nfont-size:0.8em;\n}\n}\n<\/style>\n<div  class='av-special-heading av-av_heading-d69382424a642fc0eec39458dd00ed0f av-special-heading-h2 custom-color-heading blockquote modern-quote  avia-builder-el-4  el_before_av_textblock  avia-builder-el-first  av-inherit-size'><h2 class='av-special-heading-tag '  itemprop=\"headline\"  > G\u00eetes Lacombe<\/h2><div class=\"special-heading-border\"><div class=\"special-heading-inner-border\"><\/div><\/div><\/div>\n\n<style type=\"text\/css\" data-created_by=\"avia_inline_auto\" id=\"style-css-av-kmuknqzf-be3c5b7f6a0715fcc39fddb6a7c5d835\">\n#top .av_textblock_section.av-kmuknqzf-be3c5b7f6a0715fcc39fddb6a7c5d835 .avia_textblock{\nfont-size:14px;\ncolor:#ffffff;\n}\n<\/style>\n<section  class='av_textblock_section av-kmuknqzf-be3c5b7f6a0715fcc39fddb6a7c5d835 '   itemscope=\"itemscope\" itemtype=\"https:\/\/schema.org\/CreativeWork\" ><div class='avia_textblock av_inherit_color'  itemprop=\"text\" ><p><em>Charming cottages for rent<br \/>\nin Dordogne Perigord<\/em><\/p>\n<\/div><\/section>\n\n<\/div><\/div><\/div><!-- close content main div --><\/div><\/div><div id='av_section_3'  class='avia-section av-gi5rj-d278021be19d5b8e50653cddd36bd360 main_color avia-section-default avia-no-border-styling  avia-builder-el-6  el_after_av_section  avia-builder-el-last  avia-bg-style-scroll container_wrap sidebar_right'  ><div class='container av-section-cont-open' ><div class='template-page content  av-content-small alpha units'><div class='post-entry post-entry-type-page post-entry-7835'><div class='entry-content-wrapper clearfix'>\n\n<style type=\"text\/css\" data-created_by=\"avia_inline_auto\" id=\"style-css-av-kmq80nv6-84baecc957ffb62d4fe0a8ddd2b96424\">\n#top .hr.hr-invisible.av-kmq80nv6-84baecc957ffb62d4fe0a8ddd2b96424{\nheight:10px;\n}\n<\/style>\n<div  class='hr av-kmq80nv6-84baecc957ffb62d4fe0a8ddd2b96424 hr-invisible  avia-builder-el-7  el_before_av_heading  avia-builder-el-first '><span class='hr-inner '><span class=\"hr-inner-style\"><\/span><\/span><\/div>\n\n<style type=\"text\/css\" data-created_by=\"avia_inline_auto\" id=\"style-css-av-av_heading-c4537110f014c5d42fce350cf52f8106\">\n#top .av-special-heading.av-av_heading-c4537110f014c5d42fce350cf52f8106{\npadding-bottom:10px;\n}\nbody .av-special-heading.av-av_heading-c4537110f014c5d42fce350cf52f8106 .av-special-heading-tag .heading-char{\nfont-size:25px;\n}\n.av-special-heading.av-av_heading-c4537110f014c5d42fce350cf52f8106 .av-subheading{\nfont-size:15px;\n}\n<\/style>\n<div  class='av-special-heading av-av_heading-c4537110f014c5d42fce350cf52f8106 av-special-heading-h1  avia-builder-el-8  el_after_av_hr  el_before_av_one_half '><h1 class='av-special-heading-tag '  itemprop=\"headline\"  >Visit Sarlat, the medieval city of Black Perigord<\/h1><div class=\"special-heading-border\"><div class=\"special-heading-inner-border\"><\/div><\/div><\/div>\n<div class='flex_column_table av-fqwa7-233453c5728bd7a80d30632b4d0f45d2 sc-av_one_half av-equal-height-column-flextable'>\n<style type=\"text\/css\" data-created_by=\"avia_inline_auto\" id=\"style-css-av-fqwa7-233453c5728bd7a80d30632b4d0f45d2\">\n.flex_column.av-fqwa7-233453c5728bd7a80d30632b4d0f45d2{\nborder-radius:0px 0px 0px 0px;\npadding:0px 0px 0px 0px;\n}\n<\/style>\n<div  class='flex_column av-fqwa7-233453c5728bd7a80d30632b4d0f45d2 av_one_half  avia-builder-el-9  el_after_av_heading  el_before_av_one_half  first flex_column_table_cell av-equal-height-column av-align-middle av-zero-column-padding  '     ><section  class='av_textblock_section av-kmq7utu9-8693e639043e42b937bc61f4fb15601d '   itemscope=\"itemscope\" itemtype=\"https:\/\/schema.org\/CreativeWork\" ><div class='avia_textblock'  itemprop=\"text\" ><blockquote>\n<p><strong>Sarlat\u00a0<\/strong> is a must in the aera, it is an astonishing city, where the past seems to be frozen forever in its old stones.<\/p>\n<p>It is not for nothing that many film directors have chosen it as their movie scenes!<\/p>\n<\/blockquote>\n<\/div><\/section><br \/>\n<section  class='av_textblock_section av-kmq7utu9-8693e639043e42b937bc61f4fb15601d '   itemscope=\"itemscope\" itemtype=\"https:\/\/schema.org\/CreativeWork\" ><div class='avia_textblock'  itemprop=\"text\" ><p>The Medieval City of <strong>Sarlat<\/strong> can be discovered on foot, park the car outside and set off for a journey through time. If its Saturday market (all day throughout the city) is a real institution, it is also the day when there are the most people. We advise you either to come very early or to choose another day (the market is also on Wednesday)\u2026<\/p>\n<\/div><\/section><br \/>\n\n<style type=\"text\/css\" data-created_by=\"avia_inline_auto\" id=\"style-css-av-kyx6mtnb-c7076bba7c95a540f91e221beb64ecf6\">\n#top .hr.hr-invisible.av-kyx6mtnb-c7076bba7c95a540f91e221beb64ecf6{\nheight:20px;\n}\n<\/style>\n<div  class='hr av-kyx6mtnb-c7076bba7c95a540f91e221beb64ecf6 hr-invisible  avia-builder-el-12  el_after_av_textblock  el_before_av_icon_box '><span class='hr-inner '><span class=\"hr-inner-style\"><\/span><\/span><\/div><br \/>\n\n<style type=\"text\/css\" data-created_by=\"avia_inline_auto\" id=\"style-css-av-kolmrfu1-cc9e95a4d0bd1df2f651fa275e0b232c\">\n.iconbox.av-kolmrfu1-cc9e95a4d0bd1df2f651fa275e0b232c .iconbox_icon{\nbackground-color:#38495b;\nborder:1px solid #38495b;\n}\n<\/style>\n<article  class='iconbox iconbox_top av-kolmrfu1-cc9e95a4d0bd1df2f651fa275e0b232c  avia-builder-el-13  el_after_av_hr  avia-builder-el-last  main_color'  itemscope=\"itemscope\" itemtype=\"https:\/\/schema.org\/CreativeWork\" ><div class=\"iconbox_content\"><header class=\"entry-content-header\" aria-label=\"Icon: \"><div class=\"iconbox_icon heading-color\" aria-hidden='true' data-av_icon='\ue81e' data-av_iconfont='entypo-fontello'><\/div><\/header><div class='iconbox_content_container '  itemprop=\"text\" ><p>Sarlat is close to the Dordogne Valley, where you can continue your walk just a few minutes drive away. In the direction of the Lot (in the other direction), there are also sites and villages of interest: the pretty Water Gardens of Carsac-Aillac, the Ch\u00e2teau de F\u00e9nelon, the Zoological Reserve of Calviac&#8230;<\/p>\n<\/div><\/div><footer class=\"entry-footer\"><\/footer><\/article><\/p><\/div><div class='av-flex-placeholder'><\/div>\n<style type=\"text\/css\" data-created_by=\"avia_inline_auto\" id=\"style-css-av-fqwa7-6fcc7fc4e2919310e184d7235483ef96\">\n.flex_column.av-fqwa7-6fcc7fc4e2919310e184d7235483ef96{\nborder-radius:0px 0px 0px 0px;\npadding:0px 0px 30px 0px;\n}\n<\/style>\n<div  class='flex_column av-fqwa7-6fcc7fc4e2919310e184d7235483ef96 av_one_half  avia-builder-el-14  el_after_av_one_half  el_before_av_two_fifth  flex_column_table_cell av-equal-height-column av-align-middle  '     ><div  class='avia-slideshow av-kucvmbmw-1b302e064d10bf4ec8969a950769a220 avia-slideshow-no scaling av_slideshow avia-fade-slider  avia-builder-el-15  avia-builder-el-no-sibling  av-slideshow-ui av-control-default av-slideshow-autoplay av-loop-endless av-loop-manual-endless av-default-height-applied avia-slideshow-1' data-slideshow-options=\"{&quot;animation&quot;:&quot;fade&quot;,&quot;autoplay&quot;:true,&quot;loop_autoplay&quot;:&quot;endless&quot;,&quot;interval&quot;:4,&quot;loop_manual&quot;:&quot;manual-endless&quot;,&quot;autoplay_stopper&quot;:false,&quot;noNavigation&quot;:false,&quot;bg_slider&quot;:false,&quot;keep_padding&quot;:false,&quot;hoverpause&quot;:false,&quot;show_slide_delay&quot;:0}\"  itemprop=\"image\" itemscope=\"itemscope\" itemtype=\"https:\/\/schema.org\/ImageObject\" ><ul class='avia-slideshow-inner ' style='padding-bottom: 66.666666666667%;'><li  class='avia-slideshow-slide av-kucvmbmw-1b302e064d10bf4ec8969a950769a220__0  slide-1 slide-odd'><div data-rel='slideshow-1' class='avia-slide-wrap '   ><img decoding=\"async\" fetchpriority=\"high\" class=\"wp-image-7704 avia-img-lazy-loading-not-7704\"  src=\"https:\/\/www.giteslacombe-perigord.com\/wp-content\/uploads\/2021\/10\/slide-sarlat-01.jpg\" width=\"900\" height=\"600\" title='slide-sarlat-01' alt=''  itemprop=\"thumbnailUrl\" srcset=\"https:\/\/www.giteslacombe-perigord.com\/wp-content\/uploads\/2021\/10\/slide-sarlat-01.jpg 900w, https:\/\/www.giteslacombe-perigord.com\/wp-content\/uploads\/2021\/10\/slide-sarlat-01-300x200.jpg 300w, https:\/\/www.giteslacombe-perigord.com\/wp-content\/uploads\/2021\/10\/slide-sarlat-01-768x512.jpg 768w, https:\/\/www.giteslacombe-perigord.com\/wp-content\/uploads\/2021\/10\/slide-sarlat-01-705x470.jpg 705w\" sizes=\"(max-width: 900px) 100vw, 900px\" \/><\/div><\/li><li  class='avia-slideshow-slide av-kucvmbmw-1b302e064d10bf4ec8969a950769a220__1  slide-2 slide-even'><div data-rel='slideshow-1' class='avia-slide-wrap '   ><img decoding=\"async\" fetchpriority=\"high\" class=\"wp-image-7706 avia-img-lazy-loading-not-7706\"  src=\"https:\/\/www.giteslacombe-perigord.com\/wp-content\/uploads\/2021\/10\/slide-sarlat-02.jpg\" width=\"900\" height=\"600\" title='slide-sarlat-02' alt=''  itemprop=\"thumbnailUrl\" srcset=\"https:\/\/www.giteslacombe-perigord.com\/wp-content\/uploads\/2021\/10\/slide-sarlat-02.jpg 900w, https:\/\/www.giteslacombe-perigord.com\/wp-content\/uploads\/2021\/10\/slide-sarlat-02-300x200.jpg 300w, https:\/\/www.giteslacombe-perigord.com\/wp-content\/uploads\/2021\/10\/slide-sarlat-02-768x512.jpg 768w, https:\/\/www.giteslacombe-perigord.com\/wp-content\/uploads\/2021\/10\/slide-sarlat-02-705x470.jpg 705w\" sizes=\"(max-width: 900px) 100vw, 900px\" \/><\/div><\/li><li  class='avia-slideshow-slide av-kucvmbmw-1b302e064d10bf4ec8969a950769a220__2  slide-3 slide-odd'><div data-rel='slideshow-1' class='avia-slide-wrap '   ><img decoding=\"async\" fetchpriority=\"high\" class=\"wp-image-7708 avia-img-lazy-loading-not-7708\"  src=\"https:\/\/www.giteslacombe-perigord.com\/wp-content\/uploads\/2021\/10\/slide-sarlat-03.jpg\" width=\"900\" height=\"600\" title='slide-sarlat-03' alt=''  itemprop=\"thumbnailUrl\" srcset=\"https:\/\/www.giteslacombe-perigord.com\/wp-content\/uploads\/2021\/10\/slide-sarlat-03.jpg 900w, https:\/\/www.giteslacombe-perigord.com\/wp-content\/uploads\/2021\/10\/slide-sarlat-03-300x200.jpg 300w, https:\/\/www.giteslacombe-perigord.com\/wp-content\/uploads\/2021\/10\/slide-sarlat-03-768x512.jpg 768w, https:\/\/www.giteslacombe-perigord.com\/wp-content\/uploads\/2021\/10\/slide-sarlat-03-705x470.jpg 705w\" sizes=\"(max-width: 900px) 100vw, 900px\" \/><\/div><\/li><li  class='avia-slideshow-slide av-kucvmbmw-1b302e064d10bf4ec8969a950769a220__3  slide-4 slide-even'><div data-rel='slideshow-1' class='avia-slide-wrap '   ><img decoding=\"async\" fetchpriority=\"high\" class=\"wp-image-7710 avia-img-lazy-loading-not-7710\"  src=\"https:\/\/www.giteslacombe-perigord.com\/wp-content\/uploads\/2021\/10\/slide-sarlat-04.jpg\" width=\"900\" height=\"600\" title='slide-sarlat-04' alt=''  itemprop=\"thumbnailUrl\" srcset=\"https:\/\/www.giteslacombe-perigord.com\/wp-content\/uploads\/2021\/10\/slide-sarlat-04.jpg 900w, https:\/\/www.giteslacombe-perigord.com\/wp-content\/uploads\/2021\/10\/slide-sarlat-04-300x200.jpg 300w, https:\/\/www.giteslacombe-perigord.com\/wp-content\/uploads\/2021\/10\/slide-sarlat-04-768x512.jpg 768w, https:\/\/www.giteslacombe-perigord.com\/wp-content\/uploads\/2021\/10\/slide-sarlat-04-705x470.jpg 705w\" sizes=\"(max-width: 900px) 100vw, 900px\" \/><\/div><\/li><\/ul><div class='avia-slideshow-arrows avia-slideshow-controls' ><a href='#prev' class='prev-slide ' aria-hidden='true' data-av_icon='\ue87c' data-av_iconfont='entypo-fontello'  tabindex='-1'>Previous<\/a><a href='#next' class='next-slide ' aria-hidden='true' data-av_icon='\ue87d' data-av_iconfont='entypo-fontello'  tabindex='-1'>Next<\/a><\/div><div class='avia-slideshow-dots avia-slideshow-controls'><a href='#1' class='goto-slide active' >1<\/a><a href='#2' class='goto-slide ' >2<\/a><a href='#3' class='goto-slide ' >3<\/a><a href='#4' class='goto-slide ' >4<\/a><\/div><\/div><\/div><\/div><!--close column table wrapper. Autoclose: 1 --><div class='flex_column_table av-a7dev-7d56e3fd88feedcd6b889f2f70dd9e2e sc-av_two_fifth av-equal-height-column-flextable'>\n<style type=\"text\/css\" data-created_by=\"avia_inline_auto\" id=\"style-css-av-a7dev-7d56e3fd88feedcd6b889f2f70dd9e2e\">\n.flex_column.av-a7dev-7d56e3fd88feedcd6b889f2f70dd9e2e{\nborder-radius:0px 0px 0px 0px;\npadding:0px 0px 0px 0px;\n}\n<\/style>\n<div  class='flex_column av-a7dev-7d56e3fd88feedcd6b889f2f70dd9e2e av_two_fifth  avia-builder-el-16  el_after_av_one_half  el_before_av_three_fifth  first flex_column_table_cell av-equal-height-column av-align-middle av-zero-column-padding  column-top-margin'     ><div  class='avia-slideshow av-kucvmbmw-1b302e064d10bf4ec8969a950769a220 avia-slideshow-no scaling av_slideshow avia-fade-slider  avia-builder-el-17  avia-builder-el-no-sibling  av-slideshow-ui av-control-default av-slideshow-autoplay av-loop-endless av-loop-manual-endless av-default-height-applied avia-slideshow-2' data-slideshow-options=\"{&quot;animation&quot;:&quot;fade&quot;,&quot;autoplay&quot;:true,&quot;loop_autoplay&quot;:&quot;endless&quot;,&quot;interval&quot;:4,&quot;loop_manual&quot;:&quot;manual-endless&quot;,&quot;autoplay_stopper&quot;:false,&quot;noNavigation&quot;:false,&quot;bg_slider&quot;:false,&quot;keep_padding&quot;:false,&quot;hoverpause&quot;:false,&quot;show_slide_delay&quot;:0}\"  itemprop=\"image\" itemscope=\"itemscope\" itemtype=\"https:\/\/schema.org\/ImageObject\" ><ul class='avia-slideshow-inner ' style='padding-bottom: 66.666666666667%;'><li  class='avia-slideshow-slide av-kucvmbmw-1b302e064d10bf4ec8969a950769a220__0  slide-1 slide-odd'><div data-rel='slideshow-2' class='avia-slide-wrap '   ><img decoding=\"async\" fetchpriority=\"high\" class=\"wp-image-7704 avia-img-lazy-loading-not-7704\"  src=\"https:\/\/www.giteslacombe-perigord.com\/wp-content\/uploads\/2021\/10\/slide-sarlat-01.jpg\" width=\"900\" height=\"600\" title='slide-sarlat-01' alt=''  itemprop=\"thumbnailUrl\" srcset=\"https:\/\/www.giteslacombe-perigord.com\/wp-content\/uploads\/2021\/10\/slide-sarlat-01.jpg 900w, https:\/\/www.giteslacombe-perigord.com\/wp-content\/uploads\/2021\/10\/slide-sarlat-01-300x200.jpg 300w, https:\/\/www.giteslacombe-perigord.com\/wp-content\/uploads\/2021\/10\/slide-sarlat-01-768x512.jpg 768w, https:\/\/www.giteslacombe-perigord.com\/wp-content\/uploads\/2021\/10\/slide-sarlat-01-705x470.jpg 705w\" sizes=\"(max-width: 900px) 100vw, 900px\" \/><\/div><\/li><li  class='avia-slideshow-slide av-kucvmbmw-1b302e064d10bf4ec8969a950769a220__1  slide-2 slide-even'><div data-rel='slideshow-2' class='avia-slide-wrap '   ><img decoding=\"async\" fetchpriority=\"high\" class=\"wp-image-7706 avia-img-lazy-loading-not-7706\"  src=\"https:\/\/www.giteslacombe-perigord.com\/wp-content\/uploads\/2021\/10\/slide-sarlat-02.jpg\" width=\"900\" height=\"600\" title='slide-sarlat-02' alt=''  itemprop=\"thumbnailUrl\" srcset=\"https:\/\/www.giteslacombe-perigord.com\/wp-content\/uploads\/2021\/10\/slide-sarlat-02.jpg 900w, https:\/\/www.giteslacombe-perigord.com\/wp-content\/uploads\/2021\/10\/slide-sarlat-02-300x200.jpg 300w, https:\/\/www.giteslacombe-perigord.com\/wp-content\/uploads\/2021\/10\/slide-sarlat-02-768x512.jpg 768w, https:\/\/www.giteslacombe-perigord.com\/wp-content\/uploads\/2021\/10\/slide-sarlat-02-705x470.jpg 705w\" sizes=\"(max-width: 900px) 100vw, 900px\" \/><\/div><\/li><li  class='avia-slideshow-slide av-kucvmbmw-1b302e064d10bf4ec8969a950769a220__2  slide-3 slide-odd'><div data-rel='slideshow-2' class='avia-slide-wrap '   ><img decoding=\"async\" fetchpriority=\"high\" class=\"wp-image-7708 avia-img-lazy-loading-not-7708\"  src=\"https:\/\/www.giteslacombe-perigord.com\/wp-content\/uploads\/2021\/10\/slide-sarlat-03.jpg\" width=\"900\" height=\"600\" title='slide-sarlat-03' alt=''  itemprop=\"thumbnailUrl\" srcset=\"https:\/\/www.giteslacombe-perigord.com\/wp-content\/uploads\/2021\/10\/slide-sarlat-03.jpg 900w, https:\/\/www.giteslacombe-perigord.com\/wp-content\/uploads\/2021\/10\/slide-sarlat-03-300x200.jpg 300w, https:\/\/www.giteslacombe-perigord.com\/wp-content\/uploads\/2021\/10\/slide-sarlat-03-768x512.jpg 768w, https:\/\/www.giteslacombe-perigord.com\/wp-content\/uploads\/2021\/10\/slide-sarlat-03-705x470.jpg 705w\" sizes=\"(max-width: 900px) 100vw, 900px\" \/><\/div><\/li><li  class='avia-slideshow-slide av-kucvmbmw-1b302e064d10bf4ec8969a950769a220__3  slide-4 slide-even'><div data-rel='slideshow-2' class='avia-slide-wrap '   ><img decoding=\"async\" fetchpriority=\"high\" class=\"wp-image-7710 avia-img-lazy-loading-not-7710\"  src=\"https:\/\/www.giteslacombe-perigord.com\/wp-content\/uploads\/2021\/10\/slide-sarlat-04.jpg\" width=\"900\" height=\"600\" title='slide-sarlat-04' alt=''  itemprop=\"thumbnailUrl\" srcset=\"https:\/\/www.giteslacombe-perigord.com\/wp-content\/uploads\/2021\/10\/slide-sarlat-04.jpg 900w, https:\/\/www.giteslacombe-perigord.com\/wp-content\/uploads\/2021\/10\/slide-sarlat-04-300x200.jpg 300w, https:\/\/www.giteslacombe-perigord.com\/wp-content\/uploads\/2021\/10\/slide-sarlat-04-768x512.jpg 768w, https:\/\/www.giteslacombe-perigord.com\/wp-content\/uploads\/2021\/10\/slide-sarlat-04-705x470.jpg 705w\" sizes=\"(max-width: 900px) 100vw, 900px\" \/><\/div><\/li><\/ul><div class='avia-slideshow-arrows avia-slideshow-controls' ><a href='#prev' class='prev-slide ' aria-hidden='true' data-av_icon='\ue87c' data-av_iconfont='entypo-fontello'  tabindex='-1'>Previous<\/a><a href='#next' class='next-slide ' aria-hidden='true' data-av_icon='\ue87d' data-av_iconfont='entypo-fontello'  tabindex='-1'>Next<\/a><\/div><div class='avia-slideshow-dots avia-slideshow-controls'><a href='#1' class='goto-slide active' >1<\/a><a href='#2' class='goto-slide ' >2<\/a><a href='#3' class='goto-slide ' >3<\/a><a href='#4' class='goto-slide ' >4<\/a><\/div><\/div><\/div><div class='av-flex-placeholder'><\/div>\n<style type=\"text\/css\" data-created_by=\"avia_inline_auto\" id=\"style-css-av-a7dev-f0a819726ebe0fc5666841629a2ce558\">\n.flex_column.av-a7dev-f0a819726ebe0fc5666841629a2ce558{\nborder-radius:0px 0px 0px 0px;\npadding:0px 0px 0px 0px;\n}\n<\/style>\n<div  class='flex_column av-a7dev-f0a819726ebe0fc5666841629a2ce558 av_three_fifth  avia-builder-el-18  el_after_av_two_fifth  avia-builder-el-last  flex_column_table_cell av-equal-height-column av-align-middle av-zero-column-padding  column-top-margin'     ><section  class='av_textblock_section av-kmq7utu9-8693e639043e42b937bc61f4fb15601d '   itemscope=\"itemscope\" itemtype=\"https:\/\/schema.org\/CreativeWork\" ><div class='avia_textblock'  itemprop=\"text\" ><h2>Sarlat, city of Art and History<\/h2>\n<p>More than 65 listed monuments, it is said that Sarlat is the city with the highest density of historical monuments in the world. Wherever you look, it&#8217;s beautiful. The Maison de la Bo\u00e9tie, The Fountain of Mary, the Place du March\u00e9 aux Oies, Saint-Sacerdos Cathedral or the Church of Sainte-Marie, The Lantern of the Dead, The House of the Pr\u00e9sidial\u2026 We do not have enough space for make the list! World-renowned, it is a spearhead for our department and a gem to discover by taking your time. The great men of spirit and the artists who frequented this city, also felt the particular atmosphere which reigns in this open-air history book. Wander through the narrow alleys, don&#8217;t be shy and sneak around. Raise your eyes beyond the yellow cut stones of the mansions and private mansions to admire the brown tile or slate roofs, the arcaded windows, the turrets, the half-timbered houses&#8230;<\/p>\n<\/div><\/section><br \/>\n\n<style type=\"text\/css\" data-created_by=\"avia_inline_auto\" id=\"style-css-av-kolmzdbq-4654cc149c63db66cf93ee1b649e11fd\">\n#top .hr.hr-invisible.av-kolmzdbq-4654cc149c63db66cf93ee1b649e11fd{\nheight:40px;\n}\n<\/style>\n<div  class='hr av-kolmzdbq-4654cc149c63db66cf93ee1b649e11fd hr-invisible  avia-builder-el-20  el_after_av_textblock  el_before_av_textblock '><span class='hr-inner '><span class=\"hr-inner-style\"><\/span><\/span><\/div><br \/>\n<section  class='av_textblock_section av-kmq7utu9-8693e639043e42b937bc61f4fb15601d '   itemscope=\"itemscope\" itemtype=\"https:\/\/schema.org\/CreativeWork\" ><div class='avia_textblock'  itemprop=\"text\" ><h2>Sarlat, capitale of gastronomy<\/h2>\n<p>In Sarlat, it&#8217;s beautiful, but it&#8217;s also very good. There are many restaurants, shops and local produce shops. There is a Saturday (all day) and Wednesday (morning) market, a covered market in the Sainte-Marie church, there is also a foie gras market in winter, a truffle market at the beginning of year, an organic market&#8230; In short, there is something to eat on every street corner, not to mention the producers who are well established and who will not fail to satisfy your thirst for seeing and tasting the wonders made from duck (at all sauces, in all forms), goose, foie-gras, preserves, alcohols too, nut specialties&#8230; There are many restaurants in Sarlat, for all budgets, of all styles even if there is a lot of duck and delicious Sarladaise potatoes! You will not hesitate to ask us for advice for a good table!<\/p>\n<\/div><\/section><\/p><\/div><\/div><!--close column table wrapper. Autoclose: 1 --><\/div><\/div><\/div><!-- close content main div --><\/div><\/div><div id='after_section_3'  class='main_color av_default_container_wrap container_wrap sidebar_right'  ><div class='container av-section-cont-open' ><div class='template-page content  av-content-small alpha units'><div class='post-entry post-entry-type-page post-entry-7835'><div class='entry-content-wrapper clearfix'>\n","protected":false},"excerpt":{"rendered":"","protected":false},"author":1,"featured_media":0,"parent":0,"menu_order":0,"comment_status":"closed","ping_status":"closed","template":"","meta":{"footnotes":""},"class_list":["post-7835","page","type-page","status-publish","hentry"],"yoast_head":"<!-- This site is optimized with the Yoast SEO plugin v27.3 - https:\/\/yoast.com\/product\/yoast-seo-wordpress\/ -->\n<title>Visit Sarlat, the medieval city of Black Perigord - G\u00eetes Lacombe en Dordogne P\u00e9rigord \u2013 G\u00eetes de charme en Dordogne P\u00e9rigord<\/title>\n<meta name=\"robots\" content=\"index, follow, max-snippet:-1, max-image-preview:large, max-video-preview:-1\" \/>\n<link rel=\"canonical\" href=\"https:\/\/www.giteslacombe-perigord.com\/en\/visit-sarlat-the-medieval-city-of-black-perigord\/\" \/>\n<meta property=\"og:locale\" content=\"en_US\" \/>\n<meta property=\"og:type\" content=\"article\" \/>\n<meta property=\"og:title\" content=\"Visit Sarlat, the medieval city of Black Perigord - G\u00eetes Lacombe en Dordogne P\u00e9rigord \u2013 G\u00eetes de charme en Dordogne P\u00e9rigord\" \/>\n<meta property=\"og:url\" content=\"https:\/\/www.giteslacombe-perigord.com\/en\/visit-sarlat-the-medieval-city-of-black-perigord\/\" \/>\n<meta property=\"og:site_name\" content=\"G\u00eetes Lacombe en Dordogne P\u00e9rigord \u2013 G\u00eetes de charme en Dordogne P\u00e9rigord\" \/>\n<meta property=\"article:modified_time\" content=\"2022-01-27T16:20:11+00:00\" \/>\n<meta name=\"twitter:card\" content=\"summary_large_image\" \/>\n<script type=\"application\/ld+json\" class=\"yoast-schema-graph\">{\"@context\":\"https:\\\/\\\/schema.org\",\"@graph\":[{\"@type\":\"WebPage\",\"@id\":\"https:\\\/\\\/www.giteslacombe-perigord.com\\\/en\\\/visit-sarlat-the-medieval-city-of-black-perigord\\\/\",\"url\":\"https:\\\/\\\/www.giteslacombe-perigord.com\\\/en\\\/visit-sarlat-the-medieval-city-of-black-perigord\\\/\",\"name\":\"Visit Sarlat, the medieval city of Black Perigord - G\u00eetes Lacombe en Dordogne P\u00e9rigord \u2013 G\u00eetes de charme en Dordogne P\u00e9rigord\",\"isPartOf\":{\"@id\":\"https:\\\/\\\/www.giteslacombe-perigord.com\\\/#website\"},\"datePublished\":\"2021-05-12T15:49:30+00:00\",\"dateModified\":\"2022-01-27T16:20:11+00:00\",\"breadcrumb\":{\"@id\":\"https:\\\/\\\/www.giteslacombe-perigord.com\\\/en\\\/visit-sarlat-the-medieval-city-of-black-perigord\\\/#breadcrumb\"},\"inLanguage\":\"en-US\",\"potentialAction\":[{\"@type\":\"ReadAction\",\"target\":[\"https:\\\/\\\/www.giteslacombe-perigord.com\\\/en\\\/visit-sarlat-the-medieval-city-of-black-perigord\\\/\"]}]},{\"@type\":\"BreadcrumbList\",\"@id\":\"https:\\\/\\\/www.giteslacombe-perigord.com\\\/en\\\/visit-sarlat-the-medieval-city-of-black-perigord\\\/#breadcrumb\",\"itemListElement\":[{\"@type\":\"ListItem\",\"position\":1,\"name\":\"Accueil\",\"item\":\"https:\\\/\\\/www.giteslacombe-perigord.com\\\/en\\\/\"},{\"@type\":\"ListItem\",\"position\":2,\"name\":\"Visit Sarlat, the medieval city of Black Perigord\"}]},{\"@type\":\"WebSite\",\"@id\":\"https:\\\/\\\/www.giteslacombe-perigord.com\\\/#website\",\"url\":\"https:\\\/\\\/www.giteslacombe-perigord.com\\\/\",\"name\":\"G\u00eetes Lacombe en Dordogne P\u00e9rigord \u2013 G\u00eetes de charme en Dordogne P\u00e9rigord\",\"description\":\"Location de vacances en Dordogne P\u00e9rigord\",\"publisher\":{\"@id\":\"https:\\\/\\\/www.giteslacombe-perigord.com\\\/#organization\"},\"potentialAction\":[{\"@type\":\"SearchAction\",\"target\":{\"@type\":\"EntryPoint\",\"urlTemplate\":\"https:\\\/\\\/www.giteslacombe-perigord.com\\\/?s={search_term_string}\"},\"query-input\":{\"@type\":\"PropertyValueSpecification\",\"valueRequired\":true,\"valueName\":\"search_term_string\"}}],\"inLanguage\":\"en-US\"},{\"@type\":\"Organization\",\"@id\":\"https:\\\/\\\/www.giteslacombe-perigord.com\\\/#organization\",\"name\":\"G\u00eetes Lacombe - Dordogne P\u00e9rigord\",\"url\":\"https:\\\/\\\/www.giteslacombe-perigord.com\\\/\",\"logo\":{\"@type\":\"ImageObject\",\"inLanguage\":\"en-US\",\"@id\":\"https:\\\/\\\/www.giteslacombe-perigord.com\\\/#\\\/schema\\\/logo\\\/image\\\/\",\"url\":\"https:\\\/\\\/www.giteslacombe-perigord.com\\\/wp-content\\\/uploads\\\/2021\\\/09\\\/logo-lacombe-2021-CARRE-330px.png\",\"contentUrl\":\"https:\\\/\\\/www.giteslacombe-perigord.com\\\/wp-content\\\/uploads\\\/2021\\\/09\\\/logo-lacombe-2021-CARRE-330px.png\",\"width\":330,\"height\":206,\"caption\":\"G\u00eetes Lacombe - Dordogne P\u00e9rigord\"},\"image\":{\"@id\":\"https:\\\/\\\/www.giteslacombe-perigord.com\\\/#\\\/schema\\\/logo\\\/image\\\/\"}}]}<\/script>\n<!-- \/ Yoast SEO plugin. -->","yoast_head_json":{"title":"Visit Sarlat, the medieval city of Black Perigord - G\u00eetes Lacombe en Dordogne P\u00e9rigord \u2013 G\u00eetes de charme en Dordogne P\u00e9rigord","robots":{"index":"index","follow":"follow","max-snippet":"max-snippet:-1","max-image-preview":"max-image-preview:large","max-video-preview":"max-video-preview:-1"},"canonical":"https:\/\/www.giteslacombe-perigord.com\/en\/visit-sarlat-the-medieval-city-of-black-perigord\/","og_locale":"en_US","og_type":"article","og_title":"Visit Sarlat, the medieval city of Black Perigord - G\u00eetes Lacombe en Dordogne P\u00e9rigord \u2013 G\u00eetes de charme en Dordogne P\u00e9rigord","og_url":"https:\/\/www.giteslacombe-perigord.com\/en\/visit-sarlat-the-medieval-city-of-black-perigord\/","og_site_name":"G\u00eetes Lacombe en Dordogne P\u00e9rigord \u2013 G\u00eetes de charme en Dordogne P\u00e9rigord","article_modified_time":"2022-01-27T16:20:11+00:00","twitter_card":"summary_large_image","schema":{"@context":"https:\/\/schema.org","@graph":[{"@type":"WebPage","@id":"https:\/\/www.giteslacombe-perigord.com\/en\/visit-sarlat-the-medieval-city-of-black-perigord\/","url":"https:\/\/www.giteslacombe-perigord.com\/en\/visit-sarlat-the-medieval-city-of-black-perigord\/","name":"Visit Sarlat, the medieval city of Black Perigord - G\u00eetes Lacombe en Dordogne P\u00e9rigord \u2013 G\u00eetes de charme en Dordogne P\u00e9rigord","isPartOf":{"@id":"https:\/\/www.giteslacombe-perigord.com\/#website"},"datePublished":"2021-05-12T15:49:30+00:00","dateModified":"2022-01-27T16:20:11+00:00","breadcrumb":{"@id":"https:\/\/www.giteslacombe-perigord.com\/en\/visit-sarlat-the-medieval-city-of-black-perigord\/#breadcrumb"},"inLanguage":"en-US","potentialAction":[{"@type":"ReadAction","target":["https:\/\/www.giteslacombe-perigord.com\/en\/visit-sarlat-the-medieval-city-of-black-perigord\/"]}]},{"@type":"BreadcrumbList","@id":"https:\/\/www.giteslacombe-perigord.com\/en\/visit-sarlat-the-medieval-city-of-black-perigord\/#breadcrumb","itemListElement":[{"@type":"ListItem","position":1,"name":"Accueil","item":"https:\/\/www.giteslacombe-perigord.com\/en\/"},{"@type":"ListItem","position":2,"name":"Visit Sarlat, the medieval city of Black Perigord"}]},{"@type":"WebSite","@id":"https:\/\/www.giteslacombe-perigord.com\/#website","url":"https:\/\/www.giteslacombe-perigord.com\/","name":"G\u00eetes Lacombe en Dordogne P\u00e9rigord \u2013 G\u00eetes de charme en Dordogne P\u00e9rigord","description":"Location de vacances en Dordogne P\u00e9rigord","publisher":{"@id":"https:\/\/www.giteslacombe-perigord.com\/#organization"},"potentialAction":[{"@type":"SearchAction","target":{"@type":"EntryPoint","urlTemplate":"https:\/\/www.giteslacombe-perigord.com\/?s={search_term_string}"},"query-input":{"@type":"PropertyValueSpecification","valueRequired":true,"valueName":"search_term_string"}}],"inLanguage":"en-US"},{"@type":"Organization","@id":"https:\/\/www.giteslacombe-perigord.com\/#organization","name":"G\u00eetes Lacombe - Dordogne P\u00e9rigord","url":"https:\/\/www.giteslacombe-perigord.com\/","logo":{"@type":"ImageObject","inLanguage":"en-US","@id":"https:\/\/www.giteslacombe-perigord.com\/#\/schema\/logo\/image\/","url":"https:\/\/www.giteslacombe-perigord.com\/wp-content\/uploads\/2021\/09\/logo-lacombe-2021-CARRE-330px.png","contentUrl":"https:\/\/www.giteslacombe-perigord.com\/wp-content\/uploads\/2021\/09\/logo-lacombe-2021-CARRE-330px.png","width":330,"height":206,"caption":"G\u00eetes Lacombe - Dordogne P\u00e9rigord"},"image":{"@id":"https:\/\/www.giteslacombe-perigord.com\/#\/schema\/logo\/image\/"}}]}},"_links":{"self":[{"href":"https:\/\/www.giteslacombe-perigord.com\/en\/wp-json\/wp\/v2\/pages\/7835","targetHints":{"allow":["GET"]}}],"collection":[{"href":"https:\/\/www.giteslacombe-perigord.com\/en\/wp-json\/wp\/v2\/pages"}],"about":[{"href":"https:\/\/www.giteslacombe-perigord.com\/en\/wp-json\/wp\/v2\/types\/page"}],"author":[{"embeddable":true,"href":"https:\/\/www.giteslacombe-perigord.com\/en\/wp-json\/wp\/v2\/users\/1"}],"replies":[{"embeddable":true,"href":"https:\/\/www.giteslacombe-perigord.com\/en\/wp-json\/wp\/v2\/comments?post=7835"}],"version-history":[{"count":0,"href":"https:\/\/www.giteslacombe-perigord.com\/en\/wp-json\/wp\/v2\/pages\/7835\/revisions"}],"wp:attachment":[{"href":"https:\/\/www.giteslacombe-perigord.com\/en\/wp-json\/wp\/v2\/media?parent=7835"}],"curies":[{"name":"wp","href":"https:\/\/api.w.org\/{rel}","templated":true}]}}